{"id":1627,"date":"2024-05-01T14:28:17","date_gmt":"2024-05-01T14:28:17","guid":{"rendered":"https:\/\/ndcnavigator.org\/incorporar-a-toda-la-sociedad-en-la-planificacion-de-la-adaptacion\/"},"modified":"2025-04-14T18:49:29","modified_gmt":"2025-04-14T18:49:29","slug":"incorporar-a-toda-la-sociedad-en-la-planificacion-de-la-adaptacion","status":"publish","type":"page","link":"https:\/\/ndcnavigator.org\/es\/explorar-rutas-hacia-ndc-ambiciosas-e-implementables\/alineamiento-con-el-objetivo-global-de-adaptacion-del-acuerdo-de-paris\/incorporar-a-toda-la-sociedad-en-la-planificacion-de-la-adaptacion\/","title":{"rendered":"Incorporar a toda la sociedad en la planificaci\u00f3n de la adaptaci\u00f3n"},"content":{"rendered":"\n<div class=\"wp-block-group has-global-padding is-layout-constrained wp-block-group-is-layout-constrained\">\n<h2 class=\"wp-block-heading\"><span class=\"ez-toc-section\" id=\"acerca-de-esta-oportunidad\"><\/span>Acerca de esta oportunidad<span class=\"ez-toc-section-end\"><\/span><\/h2>\n\n\n\n<p>La adaptaci\u00f3n al clima depende del contexto de los lugares, las personas y las circunstancias. No existe una soluci\u00f3n \u00fanica para todas las estrategias y acciones de adaptaci\u00f3n, y adaptar los enfoques a cada contexto requiere la contribuci\u00f3n y la aceptaci\u00f3n de las personas afectadas. Tambi\u00e9n requiere reconocer que los grupos que tradicionalmente han experimentado desigualdades suelen ser los m\u00e1s vulnerables. Esto incluye, por ejemplo, a las mujeres, los j\u00f3venes, las comunidades marginadas, los pueblos ind\u00edgenas y quienes viven en la pobreza.   <\/p>\n\n\n\n<p>Para alinear la acci\u00f3n sobre el cambio clim\u00e1tico con los objetivos globales de desarrollo, existe la oportunidad de implicar a los m\u00e1s vulnerables de la sociedad como agentes del cambio a trav\u00e9s del proceso de planificaci\u00f3n de la adaptaci\u00f3n. Para garantizar que la acci\u00f3n aborda las necesidades reales, es aplicable, fomenta la autonom\u00eda y la propiedad de los grupos vulnerables y logra beneficios hol\u00edsticos para todos, los enfoques de implicaci\u00f3n de las partes interesadas deben buscar una amplia participaci\u00f3n de toda la sociedad.   <\/p>\n\n\n<div class=\"lightweight-accordion\"><details><summary class=\"lightweight-accordion-title\"><span>Reflejar el Balance Mundial<\/span><\/summary><div class=\"lightweight-accordion-body\">\n\n<p>El GST subraya la importancia del compromiso y la participaci\u00f3n de las partes interesadas en la elaboraci\u00f3n de los PNA y la aplicaci\u00f3n de las medidas de adaptaci\u00f3n:<\/p>\n\n\n\n<ul class=\"wp-block-list\">\n<li>P\u00e1rrafo 64b: &#8220;<em>El GST pide &#8220;planes nacionales de adaptaci\u00f3n, instrumentos pol\u00edticos y procesos y\/o estrategias de planificaci\u00f3n impulsados por los pa\u00edses, sensibles a las cuestiones de g\u00e9nero, participativos y plenamente transparentes&#8221;&#8221;.<\/em><\/li>\n\n\n\n<li>P\u00e1rrafo 55: &#8220;<em>Alienta la aplicaci\u00f3n de soluciones integradas y multisectoriales, como la gesti\u00f3n del uso de la tierra, la agricultura sostenible, los sistemas alimentarios resilientes, las soluciones basadas en la naturaleza y los enfoques basados en los ecosistemas, y la protecci\u00f3n, conservaci\u00f3n y restauraci\u00f3n de la naturaleza y los ecosistemas, incluidos los bosques, las monta\u00f1as y otros ecosistemas terrestres y marinos y costeros, que pueden ofrecer beneficios econ\u00f3micos, sociales y medioambientales, como la mejora de la resiliencia y el bienestar, y que la adaptaci\u00f3n puede contribuir a mitigar los impactos y las p\u00e9rdidas, como parte de un enfoque participativo y con perspectiva de g\u00e9nero impulsado por el pa\u00eds, basado en los mejores conocimientos cient\u00edficos disponibles, as\u00ed como en los conocimientos de los Pueblos Ind\u00edgenas y los sistemas de conocimientos locales&#8221;.<\/em><\/li>\n<\/ul>\n\n<\/div><\/details><\/div>\n\n\n<hr class=\"wp-block-separator has-alpha-channel-opacity\"\/>\n\n\n\n<div class=\"wp-block-group has-global-padding is-layout-constrained wp-block-group-is-layout-constrained\" style=\"margin-top:var(--wp--preset--spacing--48);margin-bottom:var(--wp--preset--spacing--48)\">\n<h3 class=\"wp-block-heading\"><strong>Las siguientes estrategias podr\u00edan ayudar a poner en pr\u00e1ctica esta Oportunidad:<\/strong><\/h3>\n\n\n\n<div class=\"wp-block-group has-global-padding is-layout-constrained wp-container-core-group-is-layout-19e250f3 wp-block-group-is-layout-constrained\"><div class=\"lightweight-accordion\"><details><summary class=\"lightweight-accordion-title\"><span>Establecer mecanismos permanentes de participaci\u00f3n y liderazgo de las comunidades ind\u00edgenas y marginadas en la planificaci\u00f3n nacional:<\/span><\/summary><div class=\"lightweight-accordion-body\">\n\n<div class=\"wp-block-group has-global-padding is-layout-constrained wp-block-group-is-layout-constrained\">\n<p>Esto puede incluir acuerdos institucionales que creen espacios dedicados al di\u00e1logo Ind\u00edgena y marginado sobre el desarrollo de la planificaci\u00f3n nacional. Tambi\u00e9n puede incluir el establecimiento de un papel permanente para que un representante de las comunidades Ind\u00edgenas y marginadas act\u00fae como facilitador clave del desarrollo de la CDN. Por \u00faltimo, puede incluir el establecimiento de organizaciones que faciliten a trav\u00e9s de las regiones de los Pueblos Ind\u00edgenas para garantizar la participaci\u00f3n tanto a nivel institucional como individual.  <\/p>\n<\/div>\n\n<\/div><\/details><\/div>\n\n<div class=\"lightweight-accordion\"><details><summary class=\"lightweight-accordion-title\"><span>Establecer puntos focales para la participaci\u00f3n de las partes interesadas a nivel ministerial:<\/span><\/summary><div class=\"lightweight-accordion-body\">\n\n<div class=\"wp-block-group is-vertical is-layout-flex wp-container-core-group-is-layout-fe9cc265 wp-block-group-is-layout-flex\">\n<p>Esto podr\u00eda incluir, por ejemplo, la identificaci\u00f3n de representantes ministeriales apropiados de grupos sociales clave como facilitadores del compromiso en la planificaci\u00f3n de la adaptaci\u00f3n, el desarrollo de los PNA y el desarrollo de las NDC.<\/p>\n<\/div>\n\n<\/div><\/details><\/div>\n\n<div class=\"lightweight-accordion\"><details><summary class=\"lightweight-accordion-title\"><span>Bas\u00e1ndose en los procesos de participaci\u00f3n de las partes interesadas llevados a cabo durante el desarrollo del PNA:<\/span><\/summary><div class=\"lightweight-accordion-body\">\n\n<div class=\"wp-block-group has-global-padding is-layout-constrained wp-block-group-is-layout-constrained\">\n<p>Involucrar a las partes implicadas en el desarrollo del PNAD puede apoyar las aportaciones, la revisi\u00f3n y la validaci\u00f3n de los componentes de adaptaci\u00f3n de la NDC. Esta estrategia puede hacer un uso eficiente de las redes y conexiones existentes, garantizar que las realidades y prioridades de la adaptaci\u00f3n se reflejen de forma apropiada y adecuada en la NDC, y permitir la integraci\u00f3n horizontal entre las actividades de planificaci\u00f3n nacional. <\/p>\n<\/div>\n\n<\/div><\/details><\/div>\n\n<div class=\"lightweight-accordion\"><details><summary class=\"lightweight-accordion-title\"><span>Involucrar a representantes y expertos de los ministerios pertinentes (como asuntos sociales, g\u00e9nero), organismos nacionales de g\u00e9nero, instituciones acad\u00e9micas, ONG y socios de desarrollo para apoyar la integraci\u00f3n y la inclusi\u00f3n:<\/span><\/summary><div class=\"lightweight-accordion-body\">\n\n<div class=\"wp-block-group has-global-padding is-layout-constrained wp-block-group-is-layout-constrained\">\n<p>Los pa\u00edses pueden tratar de identificar &#8220;campeones&#8221; en todas las \u00e1reas tem\u00e1ticas y sectores para que participen de forma coherente en las actividades nacionales de planificaci\u00f3n de la adaptaci\u00f3n, aporten avances e informaci\u00f3n a esos procesos e integren las prioridades establecidas en la planificaci\u00f3n nacional en las agendas de sus propios sectores.<\/p>\n<\/div>\n\n<\/div><\/details><\/div>\n\n<div class=\"lightweight-accordion\"><details><summary class=\"lightweight-accordion-title\"><span>Trabajar con el sector privado<\/span><\/summary><div class=\"lightweight-accordion-body\">\n\n<div class=\"wp-block-group has-global-padding is-layout-constrained wp-block-group-is-layout-constrained\">\n<p>Esto puede incluir la comprensi\u00f3n de su papel en la mejora de la comprensi\u00f3n de las vulnerabilidades y los riesgos y el seguimiento del progreso de la aplicaci\u00f3n de las acciones. Esto podr\u00eda hacerse mediante las siguientes estrategias: <\/p>\n\n\n\n<ol style=\"list-style-type:lower-alpha\" class=\"wp-block-list\">\n<li>Colaborar con las partes interesadas para producir y difundir informaci\u00f3n sobre el clima al sector privado<\/li>\n\n\n\n<li><span style=\"color: var(--wp--preset--color--body); font-family: var(--wp--preset--font-family--montserrat); font-size: var(--wp--preset--font-size--medium);\">Invertir en educaci\u00f3n, instituciones acad\u00e9micas y programas de investigaci\u00f3n para apoyar la investigaci\u00f3n sobre la adaptaci\u00f3n y desarrollar soluciones innovadoras<\/span><\/li>\n\n\n\n<li><span style=\"color: var(--wp--preset--color--body); font-family: var(--wp--preset--font-family--montserrat); font-size: var(--wp--preset--font-size--medium);\">Articular los argumentos empresariales para las inversiones en adaptaci\u00f3n, trabajando con el sector privado y centr\u00e1ndose tanto en los riesgos como en las oportunidades<\/span><\/li>\n\n\n\n<li><span style=\"color: var(--wp--preset--color--body); font-family: var(--wp--preset--font-family--montserrat); font-size: var(--wp--preset--font-size--medium);\">Desarrollar la capacidad del sector privado para realizar evaluaciones y generar informaci\u00f3n\/datos adecuados que puedan contribuir a la planificaci\u00f3n nacional.<\/span><\/li>\n\n\n\n<li>Analizar y fomentar la participaci\u00f3n del sector privado en los PNA y las CND<\/li>\n<\/ol>\n<\/div>\n\n<\/div><\/details><\/div><\/div>\n<\/div>\n<\/div>\n\n<hr class=\"wp-block-separator has-alpha-channel-opacity\"\/>\n\n<div class=\"wp-block-group has-global-padding is-layout-constrained wp-block-group-is-layout-constrained\">\n<h2 class=\"wp-block-heading\"><span class=\"ez-toc-section\" id=\"ejemplos-de-paises\"><\/span>Ejemplos de pa\u00edses<span class=\"ez-toc-section-end\"><\/span><\/h2>\n\n\n\n<p><strong>Pakist\u00e1n <\/strong>ha dado prioridad a la inclusi\u00f3n y promoci\u00f3n de la juventud en su agenda de desarrollo. Los j\u00f3venes constituyen el 68% de la poblaci\u00f3n del pa\u00eds, y reconociendo este hecho, realizaron una encuesta para conocer las percepciones de los j\u00f3venes sobre el cambio clim\u00e1tico, con el fin de integrarlo en los procesos de planificaci\u00f3n de la acci\u00f3n clim\u00e1tica. (Fuente: &#8220;<a href=\"https:\/\/www.undp.org\/blog\/pakistani-young-people-have-their-say-climate\" target=\"_blank\" rel=\"noreferrer noopener\">Los j\u00f3venes paquistan\u00edes opinan sobre el clima<\/a>&#8220;, PNUD)  <\/p>\n\n\n\n<p><strong>Ghana<\/strong> utiliz\u00f3 su Estrategia de Participaci\u00f3n del Sector Privado para aumentar la implicaci\u00f3n del sector privado en los esfuerzos de adaptaci\u00f3n al clima, reconociendo su papel como actor clave y fomentando la participaci\u00f3n activa en la planificaci\u00f3n y la implementaci\u00f3n. Tambi\u00e9n apoy\u00f3 la identificaci\u00f3n de sectores prioritarios, centrando los recursos en apoyar y abordar los sectores con mayor vulnerabilidad. Gener\u00f3 una mayor comprensi\u00f3n de las vulnerabilidades sectoriales y las barreras a la adaptaci\u00f3n dentro del sector privado. Adem\u00e1s, la estrategia tambi\u00e9n esboz\u00f3 enfoques para fomentar alianzas estrat\u00e9gicas entre los sectores p\u00fablico y privado y estableci\u00f3 un marco pol\u00edtico para la futura participaci\u00f3n del sector privado en la adaptaci\u00f3n. (Fuente: &#8220;<a href=\"https:\/\/napglobalnetwork.org\/wp-content\/uploads\/2020\/05\/napgn-en-2020-ghana-private-sector-engagement-strategy-for-nap.pdf\" target=\"_blank\" rel=\"noreferrer noopener\">Ghana&#8217;s Private Sector Engagement Strategy for the National Adaptation Plan<\/a>&#8220;, NAP Global Network).    <\/p>\n\n\n\n<p><strong>Vietnam <\/strong>hizo hincapi\u00e9 en el papel del sector privado en la planificaci\u00f3n de la adaptaci\u00f3n dentro de su PNA. Reconociendo que los recursos del sector privado desempe\u00f1an un papel importante en la mejora de la capacidad de adaptaci\u00f3n a los impactos del cambio clim\u00e1tico a nivel nacional, el documento del PNA hace hincapi\u00e9 en lo siguiente: &#8220;El Estado crea la base jur\u00eddica y aplica las herramientas econ\u00f3micas para garantizar la aplicaci\u00f3n efectiva de las pol\u00edticas y leyes sobre la adaptaci\u00f3n al cambio clim\u00e1tico, y puede fomentar y crear las condiciones para que las instituciones financieras nacionales y extranjeras inviertan y apoyen la aplicaci\u00f3n del PNA&#8221;. Involucrar al sector privado en la fase de desarrollo del PNA fue un primer paso importante para que los organismos gubernamentales comprendieran los retos y las oportunidades de atraer la inversi\u00f3n privada en la adaptaci\u00f3n al cambio clim\u00e1tico. Algunas de las recomendaciones del sector privado que se han retenido para la fase de ejecuci\u00f3n del PNA incluyen mecanismos de asociaci\u00f3n entre el sector p\u00fablico y el privado, modelos de cooperaci\u00f3n entre empresas y agricultores para aumentar la resiliencia clim\u00e1tica, financiaci\u00f3n verde y servicios de informaci\u00f3n sobre el clima. (Fuente: &#8220;<a href=\"https:\/\/www.undp.org\/vietnam\/publications\/viet-nam-nap-2021-2030-vision-2050\" target=\"_blank\" rel=\"noreferrer noopener\">PNA de Vietnam 2021-2030 con visi\u00f3n a 2050<\/a>&#8220;, PNUD).    <\/p>\n<\/div>\n\n<hr class=\"wp-block-separator has-alpha-channel-opacity\"\/>\n\n<div class=\"wp-block-group has-global-padding is-layout-constrained wp-block-group-is-layout-constrained\">\n<h2 class=\"wp-block-heading\"><span class=\"ez-toc-section\" id=\"otros-recursos\"><\/span>Otros recursos<span class=\"ez-toc-section-end\"><\/span><\/h2>\n\n\n\n<p><a href=\"https:\/\/lcipp.unfccc.int\/sites\/default\/files\/2021-07\/Activity%207_Draft%20TP_ver%207%20July.pdf\" target=\"_blank\" rel=\"noreferrer noopener\"><strong>Pol\u00edticas y pr\u00e1cticas existentes para la participaci\u00f3n de los Pueblos Ind\u00edgenas y las comunidades locales en los \u00f3rganos y procesos relacionados con el cambio clim\u00e1tico dentro y fuera de la Convenci\u00f3n.<\/strong><\/a><strong><u> (CMNUCC, 2021)<\/u><\/strong><br\/>Este informe ofrece una visi\u00f3n global de las pol\u00edticas y pr\u00e1cticas pertinentes que fomentan las oportunidades de colaboraci\u00f3n y refuerzan la participaci\u00f3n respetuosa de los Pueblos Ind\u00edgenas y las comunidades locales. Identifica oportunidades clave de participaci\u00f3n a trav\u00e9s de veh\u00edculos institucionales, individuales y organizativos. <\/p>\n\n\n\n<p><strong><a href=\"https:\/\/ndcpartnership.org\/knowledge-portal\/climate-toolbox\/toolkit-gender-responsive-process-formulate-and-implement-national-adaptation-plans-naps\" target=\"_blank\" rel=\"noreferrer noopener\">Toolkit for a Gender-Responsive Process to Formulate and Implement National Adaptation Plans (NAPs)<\/a> (NAP Global Network, UN Climate Change, Least Developed Countries Expert Group\/Adaptation Committee, 2019)<\/strong><br\/>Este conjunto de herramientas ayuda a los pa\u00edses a integrar la igualdad de g\u00e9nero en todo su PAN. Reconoce la flexibilidad de esta integraci\u00f3n, destacando las oportunidades de abordar el g\u00e9nero en cualquier fase del proceso del PNAD. M\u00e1s all\u00e1 de los elementos b\u00e1sicos del PNA, el kit de herramientas ofrece orientaci\u00f3n sobre la incorporaci\u00f3n de las consideraciones de g\u00e9nero en las actividades facilitadoras que refuerzan el progreso y la eficacia. Estas actividades abarcan el establecimiento de marcos institucionales, la creaci\u00f3n de capacidades, la participaci\u00f3n de las partes interesadas, el intercambio de informaci\u00f3n y la obtenci\u00f3n de recursos financieros.   <\/p>\n\n\n\n<p><a href=\"https:\/\/ndcpartnership.org\/knowledge-portal\/good-practice-database\/progress-good-practices-and-lessons-learned-prioritizing-and-incorporating-gender\" target=\"_blank\" rel=\"noreferrer noopener\"><strong>Progresos, buenas pr\u00e1cticas y lecciones aprendidas en la priorizaci\u00f3n e incorporaci\u00f3n de acciones de adaptaci\u00f3n sensibles al g\u00e9nero<\/strong><\/a><strong> (ONU Cambio Clim\u00e1tico, 2023)<\/strong><br\/>Este informe pol\u00edtico de la CMNUCC aborda la integraci\u00f3n de la igualdad de g\u00e9nero en los PNA, destacando la tendencia de los pa\u00edses a utilizar enfoques de adaptaci\u00f3n sensibles al g\u00e9nero. Reconoce las lagunas y los retos existentes, al tiempo que identifica buenas pr\u00e1cticas y oportunidades para que los gobiernos y las partes interesadas mejoren la resiliencia y la igualdad de g\u00e9nero de forma integral. Tiene en cuenta las distintas circunstancias nacionales y valores culturales de las partes.  <\/p>\n\n\n\n<p><a href=\"https:\/\/ndcpartnership.org\/sites\/default\/files\/2024-03\/whole-society-approaches-inclusive-stakeholder-engagement-best-practice-brief.pdf\" target=\"_blank\" rel=\"noreferrer noopener\"><strong>Enfoques de toda la sociedad para la participaci\u00f3n inclusiva de las partes interesadas<\/strong><\/a><strong><u> (NDC Partnership, 2024)<\/u><\/strong><br\/>Este informe de buenas pr\u00e1cticas proporciona orientaciones no prescriptivas y ejemplos ilustrativos para que los pa\u00edses empleen un enfoque que abarque a toda la sociedad. Este enfoque facilita la participaci\u00f3n efectiva de las partes interesadas a lo largo de la mejora, planificaci\u00f3n y aplicaci\u00f3n de las CND. Las orientaciones se han extra\u00eddo de la experiencia de NDC Partnership, reconociendo la necesidad de que los pa\u00edses las adapten a sus circunstancias y capacidades particulares.  <\/p>\n\n\n\n<p><strong><a href=\"https:\/\/ndcpartnership.org\/knowledge-portal\/climate-toolbox\/principles-locally-led-adaptation\" target=\"_blank\" rel=\"noreferrer noopener\">Principios<\/a><\/strong> para la Adaptaci\u00f3n Dirigida Localmente <strong>(WRI, 2022)<\/strong><br\/>Los Principios para la Adaptaci\u00f3n Dirigida Localmente sirven de hoja de ruta para el sector de la adaptaci\u00f3n, orientando un cambio hacia programas, financiaci\u00f3n y pr\u00e1cticas que capaciten a los agentes locales para asumir la responsabilidad de los esfuerzos de adaptaci\u00f3n. Establecen una comunidad de pr\u00e1cticas que permite a las organizaciones compartir los avances y las lecciones aprendidas, perfeccionando as\u00ed la comprensi\u00f3n colectiva de lo que constituye una adaptaci\u00f3n eficaz y equitativa dirigida localmente. <\/p>\n\n\n\n<p><strong><a href=\"https:\/\/ndcpartnership.org\/knowledge-portal\/climate-toolbox\/public-engagement-climate-change-adaptation-briefing-developing-country-national-adaptation\" target=\"_blank\" rel=\"noreferrer noopener\">Public Engagement on Climate Change Adaptation<\/a> (NAP Global Network\/Climate Outreach, 2023)<\/strong><br\/>Este informe dirigido por Climate Outreach est\u00e1 dirigido a los responsables de la toma de decisiones de los pa\u00edses en desarrollo que dirigen los procesos de los PNA. Las secciones tratan de por qu\u00e9 es importante la participaci\u00f3n p\u00fablica, c\u00f3mo los equipos de los PNA pueden establecer v\u00ednculos con la agenda de Acci\u00f3n para el Empoderamiento Clim\u00e1tico de la CMNUCC, c\u00f3mo hacer que la participaci\u00f3n p\u00fablica sea inclusiva y eficaz, y estudios de casos de participaci\u00f3n p\u00fablica en la adaptaci\u00f3n por parte de gobiernos y ONG. <\/p>\n\n\n\n<p>Procesos de los PNA <strong><a href=\"https:\/\/ndcpartnership.org\/knowledge-portal\/climate-toolbox\/gender-responsive-national-adaptation-plan-nap-processes-progress-and-promising-examples\" target=\"_blank\" rel=\"noreferrer noopener\">sensibles al g\u00e9nero<\/a> (Red<\/strong> Global del PNA<strong>, 2022)<\/strong><br\/>Este informe de s\u00edntesis de la Red Global del PNA eval\u00faa los procesos mundiales de integraci\u00f3n de la igualdad de g\u00e9nero en los procesos de los PNA. Coincidiendo con el ecuador del Plan de Acci\u00f3n de G\u00e9nero de la CMNUCC, el informe reflexiona sobre los progresos realizados hasta la fecha. Examina los documentos de los PNA presentados a la CMNUCC junto con ejemplos pr\u00e1cticos que muestran c\u00f3mo los pa\u00edses est\u00e1n aplicando enfoques sensibles al g\u00e9nero.  <\/p>\n\n\n\n<p><strong><a href=\"https:\/\/ndcpartnership.org\/knowledge-portal\/climate-toolbox\/training-guide-gender-adaptation-planning-agriculture-sectors\" target=\"_blank\" rel=\"noreferrer noopener\">Gu\u00eda de formaci\u00f3n: El g\u00e9nero en la planificaci\u00f3n de la adaptaci\u00f3n para los sectores agr\u00edcolas<\/a> (FAO, 2019)<\/strong><br\/>Esta gu\u00eda de formaci\u00f3n, elaborada a partir de talleres realizados en nueve pa\u00edses, ofrece un completo conjunto de herramientas para facilitar sesiones sobre la integraci\u00f3n de la igualdad de g\u00e9nero en la planificaci\u00f3n de la adaptaci\u00f3n agr\u00edcola. Dise\u00f1ada para los formadores que imparten talleres a las partes interesadas implicadas en la planificaci\u00f3n de la adaptaci\u00f3n y la elaboraci\u00f3n de presupuestos agr\u00edcolas, la gu\u00eda ofrece una mezcla de actividades interactivas y presentaciones. Estos materiales pueden utilizarse en su totalidad o en parte para mejorar las habilidades y comportamientos individuales necesarios para desarrollar planes de adaptaci\u00f3n agr\u00edcola sensibles al g\u00e9nero dentro de un marco m\u00e1s amplio de desarrollo de capacidades. Aunque se centra en la agricultura, el contenido puede adaptarse a la planificaci\u00f3n de la adaptaci\u00f3n al cambio clim\u00e1tico en otros sectores.   <\/p>\n\n\n\n<p><strong><a href=\"https:\/\/ndcpartnership.org\/knowledge-portal\/climate-toolbox\/key-elements-include-gender-equality-and-womens-empowerment-climate-policies-and-nationally\" target=\"_blank\" rel=\"noreferrer noopener\">Elementos clave para incluir la igualdad de g\u00e9nero y el empoderamiento de las mujeres en las pol\u00edticas clim\u00e1ticas y las NDC<\/a> (PNUD).<\/strong><br\/>Este informe analiza las consideraciones de g\u00e9nero en las pol\u00edticas clim\u00e1ticas de ocho pa\u00edses de Am\u00e9rica Latina y el Caribe y proporciona una gu\u00eda pr\u00e1ctica para las partes que pretendan integrar la igualdad de g\u00e9nero en sus acciones clim\u00e1ticas. Dirigida a los pa\u00edses que actualizan las NDC, dise\u00f1an nuevas pol\u00edticas clim\u00e1ticas o desarrollan planes sectoriales de adaptaci\u00f3n, la herramienta ofrece una lista de comprobaci\u00f3n para incorporar la igualdad de g\u00e9nero en estas iniciativas; ejemplos de c\u00f3mo los pa\u00edses han utilizado un lenguaje inclusivo de g\u00e9nero en sus pol\u00edticas; ejemplos sectoriales espec\u00edficos de consideraciones, objetivos e indicadores de g\u00e9nero; y orientaci\u00f3n sobre la incorporaci\u00f3n de la perspectiva de g\u00e9nero tanto en la acci\u00f3n clim\u00e1tica como en las medidas de recuperaci\u00f3n COVID-19. <\/p>\n\n\n\n<p><strong><a href=\"https:\/\/ndcpartnership.org\/knowledge-portal\/climate-toolbox\/equal-terms-checklist-decision-makers-and-practitioners-youth-inclusive-ndc-process\" target=\"_blank\" rel=\"noreferrer noopener\">En igualdad de condiciones: A Checklist for Decision Makers and Practitioners on a Youth-Inclusive NDC Process<\/a> (PNUD, 2023)<\/strong><br\/>La lista de comprobaci\u00f3n &#8220;En igualdad de condiciones&#8221;, un nuevo recurso del PNUD, proporciona a los responsables pol\u00edticos, funcionarios y profesionales del clima una hoja de ruta para establecer procesos de NDC que incluyan a los j\u00f3venes. Esta gu\u00eda surge del amplio compromiso del PNUD con las partes interesadas en el clima, las organizaciones juveniles, los movimientos y las redes de diversos pa\u00edses. Basada en una encuesta realizada a 335 j\u00f3venes de entre 15 y 35 a\u00f1os de 78 pa\u00edses, la lista integra sus perspectivas y experiencias en la formulaci\u00f3n, aplicaci\u00f3n y seguimiento de las NDC. Adaptable a los contextos locales, sirve como herramienta pr\u00e1ctica en las seis etapas clave del proceso de las NDC, guiando la participaci\u00f3n significativa de los j\u00f3venes desde la decisi\u00f3n pol\u00edtica inicial hasta la implementaci\u00f3n de las NDC.   <\/p>\n\n\n\n<p><strong><a href=\"https:\/\/ndcpartnership.org\/knowledge-portal\/climate-toolbox\/engaging-private-sector-national-adaptation-planning-processes\" target=\"_blank\" rel=\"noreferrer noopener\">Involucrar al sector privado en los procesos nacionales de planificaci\u00f3n de la adaptaci\u00f3n<\/a> (NAP Global Network, 2019)<\/strong><br\/>Los gobiernos que quieran involucrar al sector privado deben centrarse en varias estrategias clave. Esto incluye la generaci\u00f3n y difusi\u00f3n de datos clim\u00e1ticos, el apoyo a la investigaci\u00f3n y el desarrollo, y la articulaci\u00f3n de los argumentos empresariales a favor de las inversiones en adaptaci\u00f3n. Adem\u00e1s, es esencial desarrollar la capacidad del sector privado para comprender los riesgos clim\u00e1ticos y responder a ellos. El desarrollo de una estrategia integral de participaci\u00f3n del sector privado, la comprensi\u00f3n temprana de las necesidades de financiaci\u00f3n y la identificaci\u00f3n de los campeones del sector privado son pasos cruciales. En general, el an\u00e1lisis continuo y el fomento del compromiso del sector privado ser\u00e1n esenciales para garantizar la alineaci\u00f3n con las prioridades nacionales de adaptaci\u00f3n y el \u00e9xito de los esfuerzos de adaptaci\u00f3n.    <\/p>\n\n\n\n<p><a href=\"https:\/\/ndcpartnership.org\/knowledge-portal\/climate-toolbox\/toolkit-engaging-private-sector-national-adaptation-plans-naps\" target=\"_blank\" rel=\"noreferrer noopener\"><strong>Kit de herramientas para implicar al sector privado en los Planes Nacionales de Adaptaci\u00f3n (PNA)<\/strong><\/a><strong> (Comit\u00e9 de Adaptaci\u00f3n de la CMNUCC, 2020)<\/strong><br\/>Este Conjunto de herramientas para implicar al sector privado en los Planes Nacionales de Adaptaci\u00f3n (PNA) recomienda varias estrategias para aumentar la participaci\u00f3n del sector privado. Entre ellas se incluyen la colaboraci\u00f3n para generar y compartir datos sobre el clima, el apoyo a la investigaci\u00f3n y el desarrollo, la articulaci\u00f3n de los argumentos empresariales a favor de las inversiones en adaptaci\u00f3n, el desarrollo de la capacidad del sector privado para evaluar los riesgos, el uso de los PNA para comunicar las prioridades, el desarrollo de estrategias integrales de participaci\u00f3n, la identificaci\u00f3n temprana de las necesidades de financiaci\u00f3n y el reconocimiento de los l\u00edderes del sector privado al tiempo que se comparten las historias de \u00e9xito. Estos esfuerzos son cruciales para una adaptaci\u00f3n eficaz al cambio clim\u00e1tico y para fomentar la resiliencia.  <\/p>\n\n\n\n<p><a href=\"https:\/\/ndcpartnership.org\/knowledge-portal\/climate-toolbox\/stakeholder-and-citizen-engagement-climate-adaptation-diy-manual\" target=\"_blank\" rel=\"noreferrer noopener\"><strong>Participaci\u00f3n de las partes interesadas y de los ciudadanos en la adaptaci\u00f3n al cambio clim\u00e1tico: Manual de bricolaje<\/strong><\/a> <strong>(Ricardo\/EU MIP4ADAPT, 2023)<\/strong><br\/>Este manual se ha elaborado para que lo utilicen las autoridades regionales y locales como parte de la Plataforma de Ejecuci\u00f3n de Misiones de la UE para la Adaptaci\u00f3n al Cambio Clim\u00e1tico. El manual orienta sobre c\u00f3mo implicar a las partes interesadas y a los ciudadanos a lo largo del proceso de planificaci\u00f3n de la adaptaci\u00f3n al clima. Presenta herramientas y m\u00e9todos de eficacia probada que pueden utilizarse para adoptar un enfoque de &#8220;toda la sociedad&#8221; que no deje a nadie atr\u00e1s.  <\/p>\n\n\n\n<p><a href=\"https:\/\/ndcpartnership.org\/knowledge-portal\/climate-toolbox\/implementation-report-2023-sharm-el-sheikh-adaptation-agenda\" target=\"_blank\" rel=\"noreferrer noopener\"><strong>Informe de aplicaci\u00f3n 2023: Agenda de Adaptaci\u00f3n de Sharm el-Sheikh<\/strong><\/a><strong> (Campeones del clima de alto nivel de la ONU, 2023<\/strong> ) El Primer Informe de Implementaci\u00f3n de la AEA recoge los avances realizados en materia de planificaci\u00f3n y pol\u00edticas de adaptaci\u00f3n, asociaciones e inclusi\u00f3n, conocimiento y capacidad, tecnolog\u00eda, innovaci\u00f3n y datos, y financiaci\u00f3n, destacando las se\u00f1ales de cambio a nivel de sistemas y resultados. El informe arroja luz sobre las interconexiones cr\u00edticas que existen entre las econom\u00edas, la naturaleza y los sistemas humanos, y sobre c\u00f3mo las soluciones de adaptaci\u00f3n aportadas tienen m\u00faltiples beneficios, incluidos los beneficios colaterales de la mitigaci\u00f3n. Tambi\u00e9n reflexiona sobre el poder de la colaboraci\u00f3n radical entre m\u00faltiples partes interesadas y no interesadas que est\u00e1n allanando el camino hacia un desarrollo resiliente, neto cero y positivo para la naturaleza.  <\/p>\n\n\n\n<p><strong><a href=\"https:\/\/ndcpartnership.org\/knowledge-portal\/good-practice-database\/gender-mainstreaming-and-climate-resilience-zambias-cashew-sector-insights-adaptation\">Incorporaci\u00f3n de la perspectiva de g\u00e9nero y resiliencia clim\u00e1tica en el sector del anacardo de Zambia: ideas para los planificadores de la adaptaci\u00f3n<\/a> (FAO, 2020)<\/strong><br\/>Este estudio de caso documenta las ideas sobre las pr\u00e1cticas de incorporaci\u00f3n de la perspectiva de g\u00e9nero aplicadas en un proyecto de desarrollo agr\u00edcola a gran escala con un componente de adaptaci\u00f3n al cambio clim\u00e1tico en la Provincia Occidental de Zambia. Describe las principales cuestiones de g\u00e9nero en el contexto del proyecto, as\u00ed como las pr\u00e1cticas de integraci\u00f3n de la perspectiva de g\u00e9nero que se est\u00e1n aplicando y que tienen potencial para su ampliaci\u00f3n. Las recomendaciones para los responsables pol\u00edticos indican el camino a seguir para mejorar la promoci\u00f3n de la igualdad de g\u00e9nero en el contexto de la adaptaci\u00f3n a los efectos del cambio clim\u00e1tico en la agricultura.  <\/p>\n\n\n\n<p><strong><a href=\"https:\/\/ndcpartnership.org\/knowledge-portal\/good-practice-database\/making-case-gender-responsive-adaptation-planning-uruguay-importance-sex-disaggregated\">Making the case for gender-responsive adaptation planning in Uruguay: The importance of sex-disaggregated data<\/a> (FAO, 2019)<\/strong><br\/>Este estudio de caso comparte las recientes experiencias de Uruguay en la recopilaci\u00f3n y el an\u00e1lisis de datos desagregados por sexo relevantes para la planificaci\u00f3n de la adaptaci\u00f3n en los sectores agr\u00edcolas. Describe las conclusiones de un estudio cualitativo y cuantitativo que pretend\u00eda generar informaci\u00f3n sobre los recursos y las barreras simb\u00f3licas, culturales y econ\u00f3micas que afectan a la adaptaci\u00f3n en la producci\u00f3n agr\u00edcola desde una perspectiva de g\u00e9nero. El estudio de caso resume las lecciones aprendidas tanto para los planificadores de los sectores agr\u00edcolas de Uruguay, como para los responsables de la toma de decisiones de otros pa\u00edses que est\u00e9n interesados en comprender mejor y hacer un seguimiento de las dimensiones de g\u00e9nero de la adaptaci\u00f3n en la agricultura.  <\/p>\n\n\n\n<p><strong><a href=\"https:\/\/ndcpartnership.org\/knowledge-portal\/good-practice-database\/gender-and-adaptation-planning-agricultural-sectors-case-uganda\">G\u00e9nero y planificaci\u00f3n de la adaptaci\u00f3n en los sectores agr\u00edcolas: El caso de Uganda<\/a> (FAO, 2018)<\/strong><br\/>Este estudio de caso relata las experiencias de Uganda en el desarrollo de un Plan Nacional de Adaptaci\u00f3n para el Sector Agr\u00edcola (PNA-Ag) sensible al g\u00e9nero y el desarrollo de capacidades relacionado para la planificaci\u00f3n, presupuestaci\u00f3n y formulaci\u00f3n de pol\u00edticas sensibles al g\u00e9nero.<\/p>\n\n\n\n<p><strong><a href=\"https:\/\/www.unwomen.org\/en\/digital-library\/publications\/2023\/07\/from-commodity-to-common-good-a-feminist-agenda-to-tackle-the-worlds-water-crisis\">De mercanc\u00eda a bien com\u00fan: Una agenda feminista para abordar la crisis mundial del agua<\/a> (ONU Mujeres, ONU Agua, 2023)<\/strong><br\/>Este documento pretende revisar el estado de la igualdad de g\u00e9nero en el Objetivo de Desarrollo Sostenible 6 (ODS 6) y muestra c\u00f3mo una perspectiva de g\u00e9nero puede informar y reforzar el discurso en torno a la aceleraci\u00f3n del ODS 6. El documento hace hincapi\u00e9 en la necesidad de un enfoque feminista para abordar la crisis mundial del agua, que reconozca el importante papel que desempe\u00f1an las mujeres en sus comunidades como principales recolectoras, protectoras y gestoras del agua. <\/p>\n\n\n\n<p><strong><a href=\"https:\/\/ndcpartnership.org\/knowledge-portal\/climate-toolbox\/toolkit-value-chain-analysis-and-market-development-integrating-climate-resilience-and\">Toolkit for Value Chain Analysis and Market Development Integrating Climate Resilience and Gender Responsiveness &#8211; Integrating Agriculture in National Adaptation Plans (NAP-Ag) Programme<\/a> (FAO, 2019)<\/strong><br\/>Este conjunto de herramientas pretende proporcionar a los responsables pol\u00edticos, planificadores, desarrolladores de proyectos, asesores t\u00e9cnicos y ejecutores a nivel local, regional o nacional, buenas pr\u00e1cticas de desarrollo de cadenas de valor resilientes al clima y sensibles al g\u00e9nero. Su objetivo es actuar como un repositorio de herramientas y metodolog\u00edas pertinentes para identificar a las partes interesadas relevantes y colaborar con ellas para recopilar datos y analizarlos para dise\u00f1ar intervenciones. <\/p>\n<\/div>\n\n<hr class=\"wp-block-separator has-alpha-channel-opacity\"\/>\n\n<div class=\"wp-block-group c-routes has-global-padding is-layout-constrained wp-block-group-is-layout-constrained\">\n<h2 class=\"wp-block-heading\"><span class=\"ez-toc-section\" id=\"como-enlaza-con-otras-rutas\"><\/span>C\u00f3mo enlaza con otras rutas<span class=\"ez-toc-section-end\"><\/span><\/h2>\n\n\n\n<p>Involucrar a las partes interesadas y permitirles participar en el desarrollo de acciones de adaptaci\u00f3n y planes nacionales garantiza que los objetivos y las acciones reflejen de forma adecuada y precisa las realidades nacionales. Otras v\u00edas y oportunidades pueden ayudar a traducir el compromiso en acciones ejecutables.  Navega hasta ellas para leer m\u00e1s:<\/p>\n\n\n\n<div class=\"wp-block-group has-global-padding is-layout-constrained wp-container-core-group-is-layout-8ffe6b47 wp-block-group-is-layout-constrained\" style=\"margin-top:var(--wp--preset--spacing--48)\">\n<div class=\"wp-block-group c-routes__item is-nowrap is-layout-flex wp-container-core-group-is-layout-3acb6346 wp-block-group-is-layout-flex\">\n<div class=\"wp-block-group c-routes__image-wrap wp-container-content-759e20a8 is-layout-flow wp-block-group-is-layout-flow\">\n<figure class=\"wp-block-image size-icon is-resized has-custom-border is-style-rounded\"><a href=\"https:\/\/ndcnavigator.org\/es\/explorar-rutas-hacia-ndc-ambiciosas-e-implementables\/lograr-una-transicion-justa-y-equitativa\/\"><img loading=\"lazy\" decoding=\"async\" width=\"100\" height=\"100\" src=\"https:\/\/ndcnavigator.org\/wp-content\/uploads\/2024\/05\/icon-route-3-100x100.png\" alt=\"\" class=\"has-border-color has-border-border-color wp-image-433\" style=\"border-width:1px;aspect-ratio:1;object-fit:cover;width:100px\" srcset=\"https:\/\/ndcnavigator.org\/wp-content\/uploads\/2024\/05\/icon-route-3-100x100.png 100w, https:\/\/ndcnavigator.org\/wp-content\/uploads\/2024\/05\/icon-route-3-150x150.png 150w, https:\/\/ndcnavigator.org\/wp-content\/uploads\/2024\/05\/icon-route-3.png 200w\" sizes=\"auto, (max-width: 100px) 100vw, 100px\" \/><\/a><\/figure>\n<\/div>\n\n\n\n<div class=\"wp-block-group wp-container-content-9cfa9a5a is-layout-flow wp-container-core-group-is-layout-a2fc1293 wp-block-group-is-layout-flow\">\n<h3 class=\"wp-block-heading has-heading-4-font-size\"><a href=\"https:\/\/ndcnavigator.org\/es\/explorar-rutas-hacia-ndc-ambiciosas-e-implementables\/lograr-una-transicion-justa-y-equitativa\/\" data-type=\"page\" data-id=\"33\"><\/a><a href=\"https:\/\/ndcnavigator.org\/es\/explorar-rutas-hacia-ndc-ambiciosas-e-implementables\/lograr-una-transicion-justa-y-equitativa\/\" data-type=\"page\" data-id=\"33\">Ruta: Lograr una transici\u00f3n justa y equitativa<\/a><\/h3>\n\n\n\n<p>Involucrar a toda la sociedad en el desarrollo y la validaci\u00f3n de los componentes de adaptaci\u00f3n de las NDC permite el empoderamiento y contribuye a abordar las desigualdades a trav\u00e9s de la acci\u00f3n clim\u00e1tica, apoyando la consecuci\u00f3n de los objetivos de desarrollo relacionados y no relacionados con el clima.<\/p>\n<\/div>\n<\/div>\n\n\n\n<div class=\"wp-block-group c-routes__item is-nowrap is-layout-flex wp-container-core-group-is-layout-3acb6346 wp-block-group-is-layout-flex\">\n<div class=\"wp-block-group c-routes__image-wrap wp-container-content-759e20a8 is-layout-flow wp-block-group-is-layout-flow\">\n<figure class=\"wp-block-image size-icon is-resized has-custom-border is-style-rounded\"><a href=\"https:\/\/ndcnavigator.org\/es\/explorar-rutas-hacia-ndc-ambiciosas-e-implementables\/movilizar-a-todo-el-gobierno-y-a-toda-la-sociedad\/\"><img loading=\"lazy\" decoding=\"async\" width=\"100\" height=\"100\" src=\"https:\/\/ndcnavigator.org\/wp-content\/uploads\/2024\/05\/icon-route-4-100x100.png\" alt=\"\" class=\"has-border-color has-border-border-color wp-image-434\" style=\"border-width:1px;aspect-ratio:1;object-fit:cover;width:100px\" srcset=\"https:\/\/ndcnavigator.org\/wp-content\/uploads\/2024\/05\/icon-route-4-100x100.png 100w, https:\/\/ndcnavigator.org\/wp-content\/uploads\/2024\/05\/icon-route-4-150x150.png 150w, https:\/\/ndcnavigator.org\/wp-content\/uploads\/2024\/05\/icon-route-4.png 200w\" sizes=\"auto, (max-width: 100px) 100vw, 100px\" \/><\/a><\/figure>\n<\/div>\n\n\n\n<div class=\"wp-block-group wp-container-content-9cfa9a5a is-layout-flow wp-container-core-group-is-layout-a2fc1293 wp-block-group-is-layout-flow\">\n<h3 class=\"wp-block-heading has-heading-4-font-size\"><a href=\"https:\/\/ndcnavigator.org\/es\/explorar-rutas-hacia-ndc-ambiciosas-e-implementables\/lograr-una-transicion-justa-y-equitativa\/\" data-type=\"page\" data-id=\"33\"><\/a><a href=\"https:\/\/ndcnavigator.org\/explore-routes-to-ambitious-and-implementable-ndcs\/mobilises-all-of-government-and-all-of-society\/\" data-type=\"page\" data-id=\"35\"><\/a><a href=\"https:\/\/ndcnavigator.org\/es\/explorar-rutas-hacia-ndc-ambiciosas-e-implementables\/movilizar-a-todo-el-gobierno-y-a-toda-la-sociedad\/\" data-type=\"page\" data-id=\"35\">Ruta: Movilizar a todo el gobierno y a toda la sociedad<\/a><\/h3>\n\n\n\n<p>Consulta esta ruta para conocer m\u00e1s estrategias sobre el compromiso en todo el proceso de la CND.<\/p>\n<\/div>\n<\/div>\n\n\n\n<div class=\"wp-block-group c-routes__item is-nowrap is-layout-flex wp-container-core-group-is-layout-3acb6346 wp-block-group-is-layout-flex\">\n<div class=\"wp-block-group c-routes__image-wrap wp-container-content-759e20a8 is-layout-flow wp-block-group-is-layout-flow\">\n<figure class=\"wp-block-image size-icon is-resized has-custom-border is-style-rounded\"><a href=\"https:\/\/ndcnavigator.org\/es\/explorar-rutas-hacia-ndc-ambiciosas-e-implementables\/tecnologia-y-creacion-de-capacidades-como-necesidades-y-facilitadores\/\"><img loading=\"lazy\" decoding=\"async\" width=\"100\" height=\"100\" src=\"https:\/\/ndcnavigator.org\/wp-content\/uploads\/2024\/05\/icon-route-5-100x100.png\" alt=\"\" class=\"has-border-color has-border-border-color wp-image-435\" style=\"border-width:1px;aspect-ratio:1;object-fit:cover;width:100px\" srcset=\"https:\/\/ndcnavigator.org\/wp-content\/uploads\/2024\/05\/icon-route-5-100x100.png 100w, https:\/\/ndcnavigator.org\/wp-content\/uploads\/2024\/05\/icon-route-5-150x150.png 150w, https:\/\/ndcnavigator.org\/wp-content\/uploads\/2024\/05\/icon-route-5.png 200w\" sizes=\"auto, (max-width: 100px) 100vw, 100px\" \/><\/a><\/figure>\n<\/div>\n\n\n\n<div class=\"wp-block-group wp-container-content-9cfa9a5a is-layout-flow wp-container-core-group-is-layout-a2fc1293 wp-block-group-is-layout-flow\">\n<h3 class=\"wp-block-heading has-heading-4-font-size\"><a href=\"https:\/\/ndcnavigator.org\/es\/explorar-rutas-hacia-ndc-ambiciosas-e-implementables\/lograr-una-transicion-justa-y-equitativa\/\" data-type=\"page\" data-id=\"33\"><\/a><a href=\"https:\/\/ndcnavigator.org\/explore-routes-to-ambitious-and-implementable-ndcs\/mobilises-all-of-government-and-all-of-society\/\" data-type=\"page\" data-id=\"35\"><\/a><a href=\"https:\/\/ndcnavigator.org\/es\/explorar-rutas-hacia-ndc-ambiciosas-e-implementables\/tecnologia-y-creacion-de-capacidades-como-necesidades-y-facilitadores\/\" data-type=\"page\" data-id=\"37\">Ruta: Tecnolog\u00eda y creaci\u00f3n de capacidades como necesidades y facilitadores<\/a><\/h3>\n\n\n\n<p>La participaci\u00f3n de representantes de toda la sociedad garantiza que las realidades nacionales se reflejen de forma precisa y adecuada. El compromiso tambi\u00e9n puede ofrecer la oportunidad de identificar las necesidades, lagunas y requisitos de apoyo para la creaci\u00f3n de las habilidades verdes necesarias para lograr la acci\u00f3n clim\u00e1tica. <\/p>\n<\/div>\n<\/div>\n\n\n\n<div class=\"wp-block-group c-routes__item is-nowrap is-layout-flex wp-container-core-group-is-layout-3acb6346 wp-block-group-is-layout-flex\">\n<div class=\"wp-block-group c-routes__image-wrap wp-container-content-759e20a8 is-layout-flow wp-block-group-is-layout-flow\">\n<figure class=\"wp-block-image size-icon is-resized has-custom-border is-style-rounded\"><a href=\"https:\/\/ndcnavigator.org\/es\/explorar-rutas-hacia-ndc-ambiciosas-e-implementables\/documentos-tecnicamente-solidos-y-transparentes\/\"><img loading=\"lazy\" decoding=\"async\" width=\"100\" height=\"100\" src=\"https:\/\/ndcnavigator.org\/wp-content\/uploads\/2024\/05\/icon-route-6-100x100.png\" alt=\"\" class=\"has-border-color has-border-border-color wp-image-436\" style=\"border-width:1px;aspect-ratio:1;object-fit:cover;width:100px\" srcset=\"https:\/\/ndcnavigator.org\/wp-content\/uploads\/2024\/05\/icon-route-6-100x100.png 100w, https:\/\/ndcnavigator.org\/wp-content\/uploads\/2024\/05\/icon-route-6-150x150.png 150w, https:\/\/ndcnavigator.org\/wp-content\/uploads\/2024\/05\/icon-route-6.png 200w\" sizes=\"auto, (max-width: 100px) 100vw, 100px\" \/><\/a><\/figure>\n<\/div>\n\n\n\n<div class=\"wp-block-group wp-container-content-9cfa9a5a is-layout-flow wp-container-core-group-is-layout-a2fc1293 wp-block-group-is-layout-flow\">\n<h3 class=\"wp-block-heading has-heading-4-font-size\"><a href=\"https:\/\/ndcnavigator.org\/es\/explorar-rutas-hacia-ndc-ambiciosas-e-implementables\/lograr-una-transicion-justa-y-equitativa\/\" data-type=\"page\" data-id=\"33\"><\/a><a href=\"https:\/\/ndcnavigator.org\/explore-routes-to-ambitious-and-implementable-ndcs\/mobilises-all-of-government-and-all-of-society\/\" data-type=\"page\" data-id=\"35\"><\/a><a href=\"https:\/\/ndcnavigator.org\/es\/explorar-rutas-hacia-ndc-ambiciosas-e-implementables\/documentos-tecnicamente-solidos-y-transparentes\/\" data-type=\"page\" data-id=\"39\">Ruta: Documentos t\u00e9cnicamente s\u00f3lidos y transparentes<\/a><\/h3>\n\n\n\n<p>Involucrar a diversas partes interesadas en la planificaci\u00f3n de la adaptaci\u00f3n y en el proceso de desarrollo de las NDC brinda la oportunidad de aumentar la concienciaci\u00f3n sobre los conceptos, las bases cient\u00edficas y las pruebas para la toma de decisiones, y fomenta la credibilidad, la confianza y la aceptaci\u00f3n.<\/p>\n<\/div>\n<\/div>\n\n\n\n<div class=\"wp-block-group c-routes__item is-nowrap is-layout-flex wp-container-core-group-is-layout-3acb6346 wp-block-group-is-layout-flex\">\n<div class=\"wp-block-group c-routes__image-wrap wp-container-content-759e20a8 is-layout-flow wp-block-group-is-layout-flow\">\n<figure class=\"wp-block-image size-icon is-resized has-custom-border is-style-rounded\"><a href=\"https:\/\/ndcnavigator.org\/es\/explorar-rutas-hacia-ndc-ambiciosas-e-implementables\/desbloquear-el-financiamiento\/\"><img loading=\"lazy\" decoding=\"async\" width=\"100\" height=\"100\" src=\"https:\/\/ndcnavigator.org\/wp-content\/uploads\/2024\/05\/icon-route-7-100x100.png\" alt=\"\" class=\"has-border-color has-border-border-color wp-image-437\" style=\"border-width:1px;aspect-ratio:1;object-fit:cover;width:100px\" srcset=\"https:\/\/ndcnavigator.org\/wp-content\/uploads\/2024\/05\/icon-route-7-100x100.png 100w, https:\/\/ndcnavigator.org\/wp-content\/uploads\/2024\/05\/icon-route-7-150x150.png 150w, https:\/\/ndcnavigator.org\/wp-content\/uploads\/2024\/05\/icon-route-7.png 200w\" sizes=\"auto, (max-width: 100px) 100vw, 100px\" \/><\/a><\/figure>\n<\/div>\n\n\n\n<div class=\"wp-block-group wp-container-content-9cfa9a5a is-layout-flow wp-container-core-group-is-layout-a2fc1293 wp-block-group-is-layout-flow\">\n<h3 class=\"wp-block-heading has-heading-4-font-size\"><a href=\"https:\/\/ndcnavigator.org\/es\/explorar-rutas-hacia-ndc-ambiciosas-e-implementables\/lograr-una-transicion-justa-y-equitativa\/\" data-type=\"page\" data-id=\"33\"><\/a><a href=\"https:\/\/ndcnavigator.org\/explore-routes-to-ambitious-and-implementable-ndcs\/mobilises-all-of-government-and-all-of-society\/\" data-type=\"page\" data-id=\"35\"><\/a><a href=\"https:\/\/ndcnavigator.org\/es\/explorar-rutas-hacia-ndc-ambiciosas-e-implementables\/desbloquear-el-financiamiento\/\" data-type=\"page\" data-id=\"41\">Ruta: Desbloquear el financiamiento<\/a><\/h3>\n\n\n\n<p>Dar prioridad a la acci\u00f3n dentro de las comunidades vulnerables y demostrar su compromiso puede contribuir a desbloquear fuentes de financiaci\u00f3n que pueden estar vinculadas a objetivos de desarrollo espec\u00edficos.<\/p>\n<\/div>\n<\/div>\n\n\n\n<div class=\"wp-block-group c-routes__item is-nowrap is-layout-flex wp-container-core-group-is-layout-3acb6346 wp-block-group-is-layout-flex\">\n<div class=\"wp-block-group c-routes__image-wrap wp-container-content-759e20a8 is-layout-flow wp-block-group-is-layout-flow\">\n<figure class=\"wp-block-image size-icon is-resized has-custom-border is-style-rounded\"><a href=\"https:\/\/ndcnavigator.org\/es\/explorar-rutas-hacia-ndc-ambiciosas-e-implementables\/alineamiento-con-el-objetivo-de-temperatura-del-acuerdo-de-paris\/\"><img loading=\"lazy\" decoding=\"async\" width=\"100\" height=\"100\" src=\"https:\/\/ndcnavigator.org\/wp-content\/uploads\/2024\/05\/icon-route-1-100x100.png\" alt=\"\" class=\"has-border-color has-border-border-color wp-image-431\" style=\"border-width:1px;aspect-ratio:1;object-fit:cover;width:100px\" srcset=\"https:\/\/ndcnavigator.org\/wp-content\/uploads\/2024\/05\/icon-route-1-100x100.png 100w, https:\/\/ndcnavigator.org\/wp-content\/uploads\/2024\/05\/icon-route-1-150x150.png 150w, https:\/\/ndcnavigator.org\/wp-content\/uploads\/2024\/05\/icon-route-1.png 200w\" sizes=\"auto, (max-width: 100px) 100vw, 100px\" \/><\/a><\/figure>\n<\/div>\n\n\n\n<div class=\"wp-block-group wp-container-content-9cfa9a5a is-layout-flow wp-container-core-group-is-layout-a2fc1293 wp-block-group-is-layout-flow\">\n<h3 class=\"wp-block-heading has-heading-4-font-size\"><a href=\"https:\/\/ndcnavigator.org\/es\/explorar-rutas-hacia-ndc-ambiciosas-e-implementables\/alineamiento-con-el-objetivo-de-temperatura-del-acuerdo-de-paris\/\" data-type=\"page\" data-id=\"20\">Ruta: Alineamiento con el objetivo de temperatura del Acuerdo de Par\u00eds<\/a><\/h3>\n\n\n\n<p>Involucrar a diversas partes interesadas en el desarrollo de los componentes de adaptaci\u00f3n de la NDC apoya un enfoque hol\u00edstico de la acci\u00f3n clim\u00e1tica y fomenta la comprensi\u00f3n y la concienciaci\u00f3n en todo el nexo mitigaci\u00f3n-adaptaci\u00f3n.<\/p>\n<\/div>\n<\/div>\n<\/div>\n<\/div>\n\n<hr class=\"wp-block-separator has-alpha-channel-opacity\"\/>\n\n<div class=\"wp-block-group is-layout-flow wp-block-group-is-layout-flow\">\n<h2 class=\"wp-block-heading\"><span class=\"ez-toc-section\" id=\"oportunidades-adicionales\"><\/span>Oportunidades adicionales<span class=\"ez-toc-section-end\"><\/span><\/h2>\n\n\n\n<div class=\"wp-block-query is-layout-flow wp-block-query-is-layout-flow\"><ul class=\"columns-2 wp-block-post-template is-layout-grid wp-container-core-post-template-is-layout-c853f95c wp-block-post-template-is-layout-grid\"><li class=\"wp-block-post post-1646 page type-page status-publish hentry\">\n\n<article class=\"wp-block-group c-card has-grey-tint-background-color has-background has-global-padding is-content-justification-left is-layout-constrained wp-container-core-group-is-layout-58c34872 wp-block-group-is-layout-constrained\" style=\"min-height:100%;padding-top:var(--wp--preset--spacing--24);padding-right:var(--wp--preset--spacing--24);padding-bottom:var(--wp--preset--spacing--24);padding-left:var(--wp--preset--spacing--24)\">\n<div class=\"wp-block-group c-card__title-wrap wp-container-content-9cfa9a5a is-layout-flow wp-block-group-is-layout-flow\"><h3 class=\"c-card__title wp-block-post-title has-heading-4-font-size\"><a href=\"https:\/\/ndcnavigator.org\/es\/explorar-rutas-hacia-ndc-ambiciosas-e-implementables\/alineamiento-con-el-objetivo-global-de-adaptacion-del-acuerdo-de-paris\/establecer-y-lograr-los-objetivos-y-metas-trazadas\/\" target=\"_self\" >Establecer y lograr los objetivos y metas trazadas<\/a><\/h3><\/div>\n\n\n\n<div class=\"wp-block-group c-card__cta is-layout-flow wp-block-group-is-layout-flow\"><a class=\"is-style-prefix-read-more-link wp-block-read-more\" href=\"https:\/\/ndcnavigator.org\/es\/explorar-rutas-hacia-ndc-ambiciosas-e-implementables\/alineamiento-con-el-objetivo-global-de-adaptacion-del-acuerdo-de-paris\/establecer-y-lograr-los-objetivos-y-metas-trazadas\/\" target=\"_self\">Explora esta oportunidad<span class=\"screen-reader-text\">: Establecer y lograr los objetivos y metas trazadas<\/span><\/a><\/div>\n<\/article>\n\n<\/li><li class=\"wp-block-post post-1657 page type-page status-publish hentry\">\n\n<article class=\"wp-block-group c-card has-grey-tint-background-color has-background has-global-padding is-content-justification-left is-layout-constrained wp-container-core-group-is-layout-58c34872 wp-block-group-is-layout-constrained\" style=\"min-height:100%;padding-top:var(--wp--preset--spacing--24);padding-right:var(--wp--preset--spacing--24);padding-bottom:var(--wp--preset--spacing--24);padding-left:var(--wp--preset--spacing--24)\">\n<div class=\"wp-block-group c-card__title-wrap wp-container-content-9cfa9a5a is-layout-flow wp-block-group-is-layout-flow\"><h3 class=\"c-card__title wp-block-post-title has-heading-4-font-size\"><a href=\"https:\/\/ndcnavigator.org\/es\/explorar-rutas-hacia-ndc-ambiciosas-e-implementables\/alineamiento-con-el-objetivo-global-de-adaptacion-del-acuerdo-de-paris\/mejorar-las-interrelaciones-entre-las-ndc-y-los-nap\/\" target=\"_self\" >Mejorar las interrelaciones entre las NDC y los NAP<\/a><\/h3><\/div>\n\n\n\n<div class=\"wp-block-group c-card__cta is-layout-flow wp-block-group-is-layout-flow\"><a class=\"is-style-prefix-read-more-link wp-block-read-more\" href=\"https:\/\/ndcnavigator.org\/es\/explorar-rutas-hacia-ndc-ambiciosas-e-implementables\/alineamiento-con-el-objetivo-global-de-adaptacion-del-acuerdo-de-paris\/mejorar-las-interrelaciones-entre-las-ndc-y-los-nap\/\" target=\"_self\">Explora esta oportunidad<span class=\"screen-reader-text\">: Mejorar las interrelaciones entre las NDC y los NAP<\/span><\/a><\/div>\n<\/article>\n\n<\/li><li class=\"wp-block-post post-1663 page type-page status-publish hentry\">\n\n<article class=\"wp-block-group c-card has-grey-tint-background-color has-background has-global-padding is-content-justification-left is-layout-constrained wp-container-core-group-is-layout-58c34872 wp-block-group-is-layout-constrained\" style=\"min-height:100%;padding-top:var(--wp--preset--spacing--24);padding-right:var(--wp--preset--spacing--24);padding-bottom:var(--wp--preset--spacing--24);padding-left:var(--wp--preset--spacing--24)\">\n<div class=\"wp-block-group c-card__title-wrap wp-container-content-9cfa9a5a is-layout-flow wp-block-group-is-layout-flow\"><h3 class=\"c-card__title wp-block-post-title has-heading-4-font-size\"><a href=\"https:\/\/ndcnavigator.org\/es\/explorar-rutas-hacia-ndc-ambiciosas-e-implementables\/alineamiento-con-el-objetivo-global-de-adaptacion-del-acuerdo-de-paris\/mejorar-la-disponibilidad-de-datos-para-una-toma-de-decisiones-informada\/\" target=\"_self\" >Mejorar la disponibilidad de datos para una toma de decisiones informada<\/a><\/h3><\/div>\n\n\n\n<div class=\"wp-block-group c-card__cta is-layout-flow wp-block-group-is-layout-flow\"><a class=\"is-style-prefix-read-more-link wp-block-read-more\" href=\"https:\/\/ndcnavigator.org\/es\/explorar-rutas-hacia-ndc-ambiciosas-e-implementables\/alineamiento-con-el-objetivo-global-de-adaptacion-del-acuerdo-de-paris\/mejorar-la-disponibilidad-de-datos-para-una-toma-de-decisiones-informada\/\" target=\"_self\">Explora esta oportunidad<span class=\"screen-reader-text\">: Mejorar la disponibilidad de datos para una toma de decisiones informada<\/span><\/a><\/div>\n<\/article>\n\n<\/li><li class=\"wp-block-post post-1652 page type-page status-publish hentry\">\n\n<article class=\"wp-block-group c-card has-grey-tint-background-color has-background has-global-padding is-content-justification-left is-layout-constrained wp-container-core-group-is-layout-58c34872 wp-block-group-is-layout-constrained\" style=\"min-height:100%;padding-top:var(--wp--preset--spacing--24);padding-right:var(--wp--preset--spacing--24);padding-bottom:var(--wp--preset--spacing--24);padding-left:var(--wp--preset--spacing--24)\">\n<div class=\"wp-block-group c-card__title-wrap wp-container-content-9cfa9a5a is-layout-flow wp-block-group-is-layout-flow\"><h3 class=\"c-card__title wp-block-post-title has-heading-4-font-size\"><a href=\"https:\/\/ndcnavigator.org\/es\/explorar-rutas-hacia-ndc-ambiciosas-e-implementables\/alineamiento-con-el-objetivo-global-de-adaptacion-del-acuerdo-de-paris\/integrar-las-perdidas-y-danos\/\" target=\"_self\" >Integrar las p\u00e9rdidas y da\u00f1os<\/a><\/h3><\/div>\n\n\n\n<div class=\"wp-block-group c-card__cta is-layout-flow wp-block-group-is-layout-flow\"><a class=\"is-style-prefix-read-more-link wp-block-read-more\" href=\"https:\/\/ndcnavigator.org\/es\/explorar-rutas-hacia-ndc-ambiciosas-e-implementables\/alineamiento-con-el-objetivo-global-de-adaptacion-del-acuerdo-de-paris\/integrar-las-perdidas-y-danos\/\" target=\"_self\">Explora esta oportunidad<span class=\"screen-reader-text\">: Integrar las p\u00e9rdidas y da\u00f1os<\/span><\/a><\/div>\n<\/article>\n\n<\/li><li class=\"wp-block-post post-1627 page type-page status-publish hentry\">\n\n<article class=\"wp-block-group c-card has-grey-tint-background-color has-background has-global-padding is-content-justification-left is-layout-constrained wp-container-core-group-is-layout-58c34872 wp-block-group-is-layout-constrained\" style=\"min-height:100%;padding-top:var(--wp--preset--spacing--24);padding-right:var(--wp--preset--spacing--24);padding-bottom:var(--wp--preset--spacing--24);padding-left:var(--wp--preset--spacing--24)\">\n<div class=\"wp-block-group c-card__title-wrap wp-container-content-9cfa9a5a is-layout-flow wp-block-group-is-layout-flow\"><h3 class=\"c-card__title wp-block-post-title has-heading-4-font-size\"><a href=\"https:\/\/ndcnavigator.org\/es\/explorar-rutas-hacia-ndc-ambiciosas-e-implementables\/alineamiento-con-el-objetivo-global-de-adaptacion-del-acuerdo-de-paris\/incorporar-a-toda-la-sociedad-en-la-planificacion-de-la-adaptacion\/\" target=\"_self\" >Incorporar a toda la sociedad en la planificaci\u00f3n de la adaptaci\u00f3n<\/a><\/h3><\/div>\n\n\n\n<div class=\"wp-block-group c-card__cta is-layout-flow wp-block-group-is-layout-flow\"><a class=\"is-style-prefix-read-more-link wp-block-read-more\" href=\"https:\/\/ndcnavigator.org\/es\/explorar-rutas-hacia-ndc-ambiciosas-e-implementables\/alineamiento-con-el-objetivo-global-de-adaptacion-del-acuerdo-de-paris\/incorporar-a-toda-la-sociedad-en-la-planificacion-de-la-adaptacion\/\" target=\"_self\">Explora esta oportunidad<span class=\"screen-reader-text\">: Incorporar a toda la sociedad en la planificaci\u00f3n de la adaptaci\u00f3n<\/span><\/a><\/div>\n<\/article>\n\n<\/li><li class=\"wp-block-post post-1645 page type-page status-publish hentry\">\n\n<article class=\"wp-block-group c-card has-grey-tint-background-color has-background has-global-padding is-content-justification-left is-layout-constrained wp-container-core-group-is-layout-58c34872 wp-block-group-is-layout-constrained\" style=\"min-height:100%;padding-top:var(--wp--preset--spacing--24);padding-right:var(--wp--preset--spacing--24);padding-bottom:var(--wp--preset--spacing--24);padding-left:var(--wp--preset--spacing--24)\">\n<div class=\"wp-block-group c-card__title-wrap wp-container-content-9cfa9a5a is-layout-flow wp-block-group-is-layout-flow\"><h3 class=\"c-card__title wp-block-post-title has-heading-4-font-size\"><a href=\"https:\/\/ndcnavigator.org\/es\/explorar-rutas-hacia-ndc-ambiciosas-e-implementables\/alineamiento-con-el-objetivo-global-de-adaptacion-del-acuerdo-de-paris\/ampliar-el-nexo-entre-mitigacion-y-adaptacion\/\" target=\"_self\" >Ampliar el nexo entre mitigaci\u00f3n y adaptaci\u00f3n<\/a><\/h3><\/div>\n\n\n\n<div class=\"wp-block-group c-card__cta is-layout-flow wp-block-group-is-layout-flow\"><a class=\"is-style-prefix-read-more-link wp-block-read-more\" href=\"https:\/\/ndcnavigator.org\/es\/explorar-rutas-hacia-ndc-ambiciosas-e-implementables\/alineamiento-con-el-objetivo-global-de-adaptacion-del-acuerdo-de-paris\/ampliar-el-nexo-entre-mitigacion-y-adaptacion\/\" target=\"_self\">Explora esta oportunidad<span class=\"screen-reader-text\">: Ampliar el nexo entre mitigaci\u00f3n y adaptaci\u00f3n<\/span><\/a><\/div>\n<\/article>\n\n<\/li><li class=\"wp-block-post post-1660 page type-page status-publish hentry\">\n\n<article class=\"wp-block-group c-card has-grey-tint-background-color has-background has-global-padding is-content-justification-left is-layout-constrained wp-container-core-group-is-layout-58c34872 wp-block-group-is-layout-constrained\" style=\"min-height:100%;padding-top:var(--wp--preset--spacing--24);padding-right:var(--wp--preset--spacing--24);padding-bottom:var(--wp--preset--spacing--24);padding-left:var(--wp--preset--spacing--24)\">\n<div class=\"wp-block-group c-card__title-wrap wp-container-content-9cfa9a5a is-layout-flow wp-block-group-is-layout-flow\"><h3 class=\"c-card__title wp-block-post-title has-heading-4-font-size\"><a href=\"https:\/\/ndcnavigator.org\/es\/explorar-rutas-hacia-ndc-ambiciosas-e-implementables\/alineamiento-con-el-objetivo-global-de-adaptacion-del-acuerdo-de-paris\/mejorar-las-soluciones-basadas-en-la-naturaleza\/\" target=\"_self\" >Mejorar las soluciones basadas en la naturaleza<\/a><\/h3><\/div>\n\n\n\n<div class=\"wp-block-group c-card__cta is-layout-flow wp-block-group-is-layout-flow\"><a class=\"is-style-prefix-read-more-link wp-block-read-more\" href=\"https:\/\/ndcnavigator.org\/es\/explorar-rutas-hacia-ndc-ambiciosas-e-implementables\/alineamiento-con-el-objetivo-global-de-adaptacion-del-acuerdo-de-paris\/mejorar-las-soluciones-basadas-en-la-naturaleza\/\" target=\"_self\">Explora esta oportunidad<span class=\"screen-reader-text\">: Mejorar las soluciones basadas en la naturaleza<\/span><\/a><\/div>\n<\/article>\n\n<\/li><li class=\"wp-block-post post-1666 page type-page status-publish hentry\">\n\n<article class=\"wp-block-group c-card has-grey-tint-background-color has-background has-global-padding is-content-justification-left is-layout-constrained wp-container-core-group-is-layout-58c34872 wp-block-group-is-layout-constrained\" style=\"min-height:100%;padding-top:var(--wp--preset--spacing--24);padding-right:var(--wp--preset--spacing--24);padding-bottom:var(--wp--preset--spacing--24);padding-left:var(--wp--preset--spacing--24)\">\n<div class=\"wp-block-group c-card__title-wrap wp-container-content-9cfa9a5a is-layout-flow wp-block-group-is-layout-flow\"><h3 class=\"c-card__title wp-block-post-title has-heading-4-font-size\"><a href=\"https:\/\/ndcnavigator.org\/es\/explorar-rutas-hacia-ndc-ambiciosas-e-implementables\/alineamiento-con-el-objetivo-de-temperatura-del-acuerdo-de-paris\/explorar-las-oportunidades-sectoriales\/\" target=\"_self\" >Explorar las oportunidades sectoriales<\/a><\/h3><\/div>\n\n\n\n<div class=\"wp-block-group c-card__cta is-layout-flow wp-block-group-is-layout-flow\"><a class=\"is-style-prefix-read-more-link wp-block-read-more\" href=\"https:\/\/ndcnavigator.org\/es\/explorar-rutas-hacia-ndc-ambiciosas-e-implementables\/alineamiento-con-el-objetivo-de-temperatura-del-acuerdo-de-paris\/explorar-las-oportunidades-sectoriales\/\" target=\"_self\">Explora esta oportunidad<span class=\"screen-reader-text\">: Explorar las oportunidades sectoriales<\/span><\/a><\/div>\n<\/article>\n\n<\/li><\/ul>\n\n<\/div>\n<\/div>\n","protected":false},"excerpt":{"rendered":"<p>Acerca de esta oportunidad La adaptaci\u00f3n al clima depende del contexto de los lugares, las personas y las circunstancias. No existe una soluci\u00f3n \u00fanica para todas las estrategias y acciones de adaptaci\u00f3n, y adaptar los enfoques a cada contexto requiere la contribuci\u00f3n y la aceptaci\u00f3n de las personas afectadas. Tambi\u00e9n requiere reconocer que los grupos [&hellip;]<\/p>\n","protected":false},"author":1,"featured_media":0,"parent":1651,"menu_order":5,"comment_status":"closed","ping_status":"closed","template":"page-with-sidebar","meta":{"_acf_changed":false,"inline_featured_image":false,"footnotes":""},"class_list":["post-1627","page","type-page","status-publish","hentry"],"acf":[],"yoast_head":"<!-- This site is optimized with the Yoast SEO plugin v27.4 - https:\/\/yoast.com\/product\/yoast-seo-wordpress\/ -->\n<title>Incorporar a toda la sociedad en la planificaci\u00f3n de la adaptaci\u00f3n - Navegador NDC 3.0<\/title>\n<meta name=\"robots\" content=\"index, follow, max-snippet:-1, max-image-preview:large, max-video-preview:-1\" \/>\n<link rel=\"canonical\" href=\"https:\/\/ndcnavigator.org\/es\/explorar-rutas-hacia-ndc-ambiciosas-e-implementables\/alineamiento-con-el-objetivo-global-de-adaptacion-del-acuerdo-de-paris\/incorporar-a-toda-la-sociedad-en-la-planificacion-de-la-adaptacion\/\" \/>\n<meta property=\"og:locale\" content=\"es_ES\" \/>\n<meta property=\"og:type\" content=\"article\" \/>\n<meta property=\"og:title\" content=\"Incorporar a toda la sociedad en la planificaci\u00f3n de la adaptaci\u00f3n - Navegador NDC 3.0\" \/>\n<meta property=\"og:description\" content=\"Acerca de esta oportunidad La adaptaci\u00f3n al clima depende del contexto de los lugares, las personas y las circunstancias. No existe una soluci\u00f3n \u00fanica para todas las estrategias y acciones de adaptaci\u00f3n, y adaptar los enfoques a cada contexto requiere la contribuci\u00f3n y la aceptaci\u00f3n de las personas afectadas. Tambi\u00e9n requiere reconocer que los grupos [&hellip;]\" \/>\n<meta property=\"og:url\" content=\"https:\/\/ndcnavigator.org\/es\/explorar-rutas-hacia-ndc-ambiciosas-e-implementables\/alineamiento-con-el-objetivo-global-de-adaptacion-del-acuerdo-de-paris\/incorporar-a-toda-la-sociedad-en-la-planificacion-de-la-adaptacion\/\" \/>\n<meta property=\"og:site_name\" content=\"Navegador NDC 3.0\" \/>\n<meta property=\"article:publisher\" content=\"https:\/\/www.facebook.com\/ndcpartnership\/\" \/>\n<meta property=\"article:modified_time\" content=\"2025-04-14T18:49:29+00:00\" \/>\n<meta property=\"og:image\" content=\"https:\/\/ndcnavigator.org\/wp-content\/uploads\/2024\/05\/icon-route-3-100x100.png\" \/>\n<meta name=\"twitter:card\" content=\"summary_large_image\" \/>\n<meta name=\"twitter:site\" content=\"@ndcpartnership\" \/>\n<meta name=\"twitter:label1\" content=\"Est. reading time\" \/>\n\t<meta name=\"twitter:data1\" content=\"20 minutes\" \/>\n<script type=\"application\/ld+json\" class=\"yoast-schema-graph\">{\"@context\":\"https:\\\/\\\/schema.org\",\"@graph\":[{\"@type\":\"WebPage\",\"@id\":\"https:\\\/\\\/ndcnavigator.org\\\/es\\\/explorar-rutas-hacia-ndc-ambiciosas-e-implementables\\\/alineamiento-con-el-objetivo-global-de-adaptacion-del-acuerdo-de-paris\\\/incorporar-a-toda-la-sociedad-en-la-planificacion-de-la-adaptacion\\\/\",\"url\":\"https:\\\/\\\/ndcnavigator.org\\\/es\\\/explorar-rutas-hacia-ndc-ambiciosas-e-implementables\\\/alineamiento-con-el-objetivo-global-de-adaptacion-del-acuerdo-de-paris\\\/incorporar-a-toda-la-sociedad-en-la-planificacion-de-la-adaptacion\\\/\",\"name\":\"Incorporar a toda la sociedad en la planificaci\u00f3n de la adaptaci\u00f3n - Navegador NDC 3.0\",\"isPartOf\":{\"@id\":\"https:\\\/\\\/ndcnavigator.org\\\/es\\\/#website\"},\"primaryImageOfPage\":{\"@id\":\"https:\\\/\\\/ndcnavigator.org\\\/es\\\/explorar-rutas-hacia-ndc-ambiciosas-e-implementables\\\/alineamiento-con-el-objetivo-global-de-adaptacion-del-acuerdo-de-paris\\\/incorporar-a-toda-la-sociedad-en-la-planificacion-de-la-adaptacion\\\/#primaryimage\"},\"image\":{\"@id\":\"https:\\\/\\\/ndcnavigator.org\\\/es\\\/explorar-rutas-hacia-ndc-ambiciosas-e-implementables\\\/alineamiento-con-el-objetivo-global-de-adaptacion-del-acuerdo-de-paris\\\/incorporar-a-toda-la-sociedad-en-la-planificacion-de-la-adaptacion\\\/#primaryimage\"},\"thumbnailUrl\":\"https:\\\/\\\/ndcnavigator.org\\\/wp-content\\\/uploads\\\/2024\\\/05\\\/icon-route-3-100x100.png\",\"datePublished\":\"2024-05-01T14:28:17+00:00\",\"dateModified\":\"2025-04-14T18:49:29+00:00\",\"breadcrumb\":{\"@id\":\"https:\\\/\\\/ndcnavigator.org\\\/es\\\/explorar-rutas-hacia-ndc-ambiciosas-e-implementables\\\/alineamiento-con-el-objetivo-global-de-adaptacion-del-acuerdo-de-paris\\\/incorporar-a-toda-la-sociedad-en-la-planificacion-de-la-adaptacion\\\/#breadcrumb\"},\"inLanguage\":\"es-ES\",\"potentialAction\":[{\"@type\":\"ReadAction\",\"target\":[\"https:\\\/\\\/ndcnavigator.org\\\/es\\\/explorar-rutas-hacia-ndc-ambiciosas-e-implementables\\\/alineamiento-con-el-objetivo-global-de-adaptacion-del-acuerdo-de-paris\\\/incorporar-a-toda-la-sociedad-en-la-planificacion-de-la-adaptacion\\\/\"]}]},{\"@type\":\"ImageObject\",\"inLanguage\":\"es-ES\",\"@id\":\"https:\\\/\\\/ndcnavigator.org\\\/es\\\/explorar-rutas-hacia-ndc-ambiciosas-e-implementables\\\/alineamiento-con-el-objetivo-global-de-adaptacion-del-acuerdo-de-paris\\\/incorporar-a-toda-la-sociedad-en-la-planificacion-de-la-adaptacion\\\/#primaryimage\",\"url\":\"https:\\\/\\\/ndcnavigator.org\\\/wp-content\\\/uploads\\\/2024\\\/05\\\/icon-route-3-100x100.png\",\"contentUrl\":\"https:\\\/\\\/ndcnavigator.org\\\/wp-content\\\/uploads\\\/2024\\\/05\\\/icon-route-3-100x100.png\"},{\"@type\":\"BreadcrumbList\",\"@id\":\"https:\\\/\\\/ndcnavigator.org\\\/es\\\/explorar-rutas-hacia-ndc-ambiciosas-e-implementables\\\/alineamiento-con-el-objetivo-global-de-adaptacion-del-acuerdo-de-paris\\\/incorporar-a-toda-la-sociedad-en-la-planificacion-de-la-adaptacion\\\/#breadcrumb\",\"itemListElement\":[{\"@type\":\"ListItem\",\"position\":1,\"name\":\"Inicio\",\"item\":\"https:\\\/\\\/ndcnavigator.org\\\/es\\\/\"},{\"@type\":\"ListItem\",\"position\":2,\"name\":\"Explorar rutas hacia NDC ambiciosas e implementables\",\"item\":\"https:\\\/\\\/ndcnavigator.org\\\/es\\\/explorar-rutas-hacia-ndc-ambiciosas-e-implementables\\\/\"},{\"@type\":\"ListItem\",\"position\":3,\"name\":\"Alineamiento con el objetivo global de adaptaci\u00f3n del Acuerdo de Par\u00eds\",\"item\":\"https:\\\/\\\/ndcnavigator.org\\\/es\\\/explorar-rutas-hacia-ndc-ambiciosas-e-implementables\\\/alineamiento-con-el-objetivo-global-de-adaptacion-del-acuerdo-de-paris\\\/\"},{\"@type\":\"ListItem\",\"position\":4,\"name\":\"Incorporar a toda la sociedad en la planificaci\u00f3n de la adaptaci\u00f3n\"}]},{\"@type\":\"WebSite\",\"@id\":\"https:\\\/\\\/ndcnavigator.org\\\/es\\\/#website\",\"url\":\"https:\\\/\\\/ndcnavigator.org\\\/es\\\/\",\"name\":\"NDC 3.0 Navigator\",\"description\":\"\",\"publisher\":{\"@id\":\"https:\\\/\\\/ndcnavigator.org\\\/es\\\/#organization\"},\"potentialAction\":[{\"@type\":\"SearchAction\",\"target\":{\"@type\":\"EntryPoint\",\"urlTemplate\":\"https:\\\/\\\/ndcnavigator.org\\\/es\\\/?s={search_term_string}\"},\"query-input\":{\"@type\":\"PropertyValueSpecification\",\"valueRequired\":true,\"valueName\":\"search_term_string\"}}],\"inLanguage\":\"es-ES\"},{\"@type\":\"Organization\",\"@id\":\"https:\\\/\\\/ndcnavigator.org\\\/es\\\/#organization\",\"name\":\"NDC Partnership\",\"url\":\"https:\\\/\\\/ndcnavigator.org\\\/es\\\/\",\"logo\":{\"@type\":\"ImageObject\",\"inLanguage\":\"es-ES\",\"@id\":\"https:\\\/\\\/ndcnavigator.org\\\/es\\\/#\\\/schema\\\/logo\\\/image\\\/\",\"url\":\"https:\\\/\\\/ndcnavigator.org\\\/wp-content\\\/uploads\\\/2024\\\/05\\\/logo-ndcp.png\",\"contentUrl\":\"https:\\\/\\\/ndcnavigator.org\\\/wp-content\\\/uploads\\\/2024\\\/05\\\/logo-ndcp.png\",\"width\":460,\"height\":260,\"caption\":\"NDC Partnership\"},\"image\":{\"@id\":\"https:\\\/\\\/ndcnavigator.org\\\/es\\\/#\\\/schema\\\/logo\\\/image\\\/\"},\"sameAs\":[\"https:\\\/\\\/www.facebook.com\\\/ndcpartnership\\\/\",\"https:\\\/\\\/x.com\\\/ndcpartnership\",\"https:\\\/\\\/www.linkedin.com\\\/company\\\/ndcpartnership\\\/\",\"https:\\\/\\\/www.youtube.com\\\/channel\\\/UCI9wdmuD1OsgqipKpTUGSsg\",\"https:\\\/\\\/www.instagram.com\\\/ndcpartnership\\\/\",\"https:\\\/\\\/issuu.com\\\/ndcpartnership\"]}]}<\/script>\n<!-- \/ Yoast SEO plugin. -->","yoast_head_json":{"title":"Incorporar a toda la sociedad en la planificaci\u00f3n de la adaptaci\u00f3n - Navegador NDC 3.0","robots":{"index":"index","follow":"follow","max-snippet":"max-snippet:-1","max-image-preview":"max-image-preview:large","max-video-preview":"max-video-preview:-1"},"canonical":"https:\/\/ndcnavigator.org\/es\/explorar-rutas-hacia-ndc-ambiciosas-e-implementables\/alineamiento-con-el-objetivo-global-de-adaptacion-del-acuerdo-de-paris\/incorporar-a-toda-la-sociedad-en-la-planificacion-de-la-adaptacion\/","og_locale":"es_ES","og_type":"article","og_title":"Incorporar a toda la sociedad en la planificaci\u00f3n de la adaptaci\u00f3n - Navegador NDC 3.0","og_description":"Acerca de esta oportunidad La adaptaci\u00f3n al clima depende del contexto de los lugares, las personas y las circunstancias. No existe una soluci\u00f3n \u00fanica para todas las estrategias y acciones de adaptaci\u00f3n, y adaptar los enfoques a cada contexto requiere la contribuci\u00f3n y la aceptaci\u00f3n de las personas afectadas. Tambi\u00e9n requiere reconocer que los grupos [&hellip;]","og_url":"https:\/\/ndcnavigator.org\/es\/explorar-rutas-hacia-ndc-ambiciosas-e-implementables\/alineamiento-con-el-objetivo-global-de-adaptacion-del-acuerdo-de-paris\/incorporar-a-toda-la-sociedad-en-la-planificacion-de-la-adaptacion\/","og_site_name":"Navegador NDC 3.0","article_publisher":"https:\/\/www.facebook.com\/ndcpartnership\/","article_modified_time":"2025-04-14T18:49:29+00:00","og_image":[{"url":"https:\/\/ndcnavigator.org\/wp-content\/uploads\/2024\/05\/icon-route-3-100x100.png","type":"","width":"","height":""}],"twitter_card":"summary_large_image","twitter_site":"@ndcpartnership","twitter_misc":{"Est. reading time":"20 minutes"},"schema":{"@context":"https:\/\/schema.org","@graph":[{"@type":"WebPage","@id":"https:\/\/ndcnavigator.org\/es\/explorar-rutas-hacia-ndc-ambiciosas-e-implementables\/alineamiento-con-el-objetivo-global-de-adaptacion-del-acuerdo-de-paris\/incorporar-a-toda-la-sociedad-en-la-planificacion-de-la-adaptacion\/","url":"https:\/\/ndcnavigator.org\/es\/explorar-rutas-hacia-ndc-ambiciosas-e-implementables\/alineamiento-con-el-objetivo-global-de-adaptacion-del-acuerdo-de-paris\/incorporar-a-toda-la-sociedad-en-la-planificacion-de-la-adaptacion\/","name":"Incorporar a toda la sociedad en la planificaci\u00f3n de la adaptaci\u00f3n - Navegador NDC 3.0","isPartOf":{"@id":"https:\/\/ndcnavigator.org\/es\/#website"},"primaryImageOfPage":{"@id":"https:\/\/ndcnavigator.org\/es\/explorar-rutas-hacia-ndc-ambiciosas-e-implementables\/alineamiento-con-el-objetivo-global-de-adaptacion-del-acuerdo-de-paris\/incorporar-a-toda-la-sociedad-en-la-planificacion-de-la-adaptacion\/#primaryimage"},"image":{"@id":"https:\/\/ndcnavigator.org\/es\/explorar-rutas-hacia-ndc-ambiciosas-e-implementables\/alineamiento-con-el-objetivo-global-de-adaptacion-del-acuerdo-de-paris\/incorporar-a-toda-la-sociedad-en-la-planificacion-de-la-adaptacion\/#primaryimage"},"thumbnailUrl":"https:\/\/ndcnavigator.org\/wp-content\/uploads\/2024\/05\/icon-route-3-100x100.png","datePublished":"2024-05-01T14:28:17+00:00","dateModified":"2025-04-14T18:49:29+00:00","breadcrumb":{"@id":"https:\/\/ndcnavigator.org\/es\/explorar-rutas-hacia-ndc-ambiciosas-e-implementables\/alineamiento-con-el-objetivo-global-de-adaptacion-del-acuerdo-de-paris\/incorporar-a-toda-la-sociedad-en-la-planificacion-de-la-adaptacion\/#breadcrumb"},"inLanguage":"es-ES","potentialAction":[{"@type":"ReadAction","target":["https:\/\/ndcnavigator.org\/es\/explorar-rutas-hacia-ndc-ambiciosas-e-implementables\/alineamiento-con-el-objetivo-global-de-adaptacion-del-acuerdo-de-paris\/incorporar-a-toda-la-sociedad-en-la-planificacion-de-la-adaptacion\/"]}]},{"@type":"ImageObject","inLanguage":"es-ES","@id":"https:\/\/ndcnavigator.org\/es\/explorar-rutas-hacia-ndc-ambiciosas-e-implementables\/alineamiento-con-el-objetivo-global-de-adaptacion-del-acuerdo-de-paris\/incorporar-a-toda-la-sociedad-en-la-planificacion-de-la-adaptacion\/#primaryimage","url":"https:\/\/ndcnavigator.org\/wp-content\/uploads\/2024\/05\/icon-route-3-100x100.png","contentUrl":"https:\/\/ndcnavigator.org\/wp-content\/uploads\/2024\/05\/icon-route-3-100x100.png"},{"@type":"BreadcrumbList","@id":"https:\/\/ndcnavigator.org\/es\/explorar-rutas-hacia-ndc-ambiciosas-e-implementables\/alineamiento-con-el-objetivo-global-de-adaptacion-del-acuerdo-de-paris\/incorporar-a-toda-la-sociedad-en-la-planificacion-de-la-adaptacion\/#breadcrumb","itemListElement":[{"@type":"ListItem","position":1,"name":"Inicio","item":"https:\/\/ndcnavigator.org\/es\/"},{"@type":"ListItem","position":2,"name":"Explorar rutas hacia NDC ambiciosas e implementables","item":"https:\/\/ndcnavigator.org\/es\/explorar-rutas-hacia-ndc-ambiciosas-e-implementables\/"},{"@type":"ListItem","position":3,"name":"Alineamiento con el objetivo global de adaptaci\u00f3n del Acuerdo de Par\u00eds","item":"https:\/\/ndcnavigator.org\/es\/explorar-rutas-hacia-ndc-ambiciosas-e-implementables\/alineamiento-con-el-objetivo-global-de-adaptacion-del-acuerdo-de-paris\/"},{"@type":"ListItem","position":4,"name":"Incorporar a toda la sociedad en la planificaci\u00f3n de la adaptaci\u00f3n"}]},{"@type":"WebSite","@id":"https:\/\/ndcnavigator.org\/es\/#website","url":"https:\/\/ndcnavigator.org\/es\/","name":"NDC 3.0 Navigator","description":"","publisher":{"@id":"https:\/\/ndcnavigator.org\/es\/#organization"},"potentialAction":[{"@type":"SearchAction","target":{"@type":"EntryPoint","urlTemplate":"https:\/\/ndcnavigator.org\/es\/?s={search_term_string}"},"query-input":{"@type":"PropertyValueSpecification","valueRequired":true,"valueName":"search_term_string"}}],"inLanguage":"es-ES"},{"@type":"Organization","@id":"https:\/\/ndcnavigator.org\/es\/#organization","name":"NDC Partnership","url":"https:\/\/ndcnavigator.org\/es\/","logo":{"@type":"ImageObject","inLanguage":"es-ES","@id":"https:\/\/ndcnavigator.org\/es\/#\/schema\/logo\/image\/","url":"https:\/\/ndcnavigator.org\/wp-content\/uploads\/2024\/05\/logo-ndcp.png","contentUrl":"https:\/\/ndcnavigator.org\/wp-content\/uploads\/2024\/05\/logo-ndcp.png","width":460,"height":260,"caption":"NDC Partnership"},"image":{"@id":"https:\/\/ndcnavigator.org\/es\/#\/schema\/logo\/image\/"},"sameAs":["https:\/\/www.facebook.com\/ndcpartnership\/","https:\/\/x.com\/ndcpartnership","https:\/\/www.linkedin.com\/company\/ndcpartnership\/","https:\/\/www.youtube.com\/channel\/UCI9wdmuD1OsgqipKpTUGSsg","https:\/\/www.instagram.com\/ndcpartnership\/","https:\/\/issuu.com\/ndcpartnership"]}]}},"_links":{"self":[{"href":"https:\/\/ndcnavigator.org\/es\/wp-json\/wp\/v2\/pages\/1627","targetHints":{"allow":["GET"]}}],"collection":[{"href":"https:\/\/ndcnavigator.org\/es\/wp-json\/wp\/v2\/pages"}],"about":[{"href":"https:\/\/ndcnavigator.org\/es\/wp-json\/wp\/v2\/types\/page"}],"author":[{"embeddable":true,"href":"https:\/\/ndcnavigator.org\/es\/wp-json\/wp\/v2\/users\/1"}],"replies":[{"embeddable":true,"href":"https:\/\/ndcnavigator.org\/es\/wp-json\/wp\/v2\/comments?post=1627"}],"version-history":[{"count":8,"href":"https:\/\/ndcnavigator.org\/es\/wp-json\/wp\/v2\/pages\/1627\/revisions"}],"predecessor-version":[{"id":2734,"href":"https:\/\/ndcnavigator.org\/es\/wp-json\/wp\/v2\/pages\/1627\/revisions\/2734"}],"up":[{"embeddable":true,"href":"https:\/\/ndcnavigator.org\/es\/wp-json\/wp\/v2\/pages\/1651"}],"wp:attachment":[{"href":"https:\/\/ndcnavigator.org\/es\/wp-json\/wp\/v2\/media?parent=1627"}],"curies":[{"name":"wp","href":"https:\/\/api.w.org\/{rel}","templated":true}]}}