{"id":1645,"date":"2024-05-01T14:29:18","date_gmt":"2024-05-01T14:29:18","guid":{"rendered":"https:\/\/ndcnavigator.org\/ampliar-el-nexo-entre-mitigacion-y-adaptacion\/"},"modified":"2025-06-20T16:18:21","modified_gmt":"2025-06-20T16:18:21","slug":"ampliar-el-nexo-entre-mitigacion-y-adaptacion","status":"publish","type":"page","link":"https:\/\/ndcnavigator.org\/es\/explorar-rutas-hacia-ndc-ambiciosas-e-implementables\/alineamiento-con-el-objetivo-global-de-adaptacion-del-acuerdo-de-paris\/ampliar-el-nexo-entre-mitigacion-y-adaptacion\/","title":{"rendered":"Ampliar el nexo entre mitigaci\u00f3n y adaptaci\u00f3n"},"content":{"rendered":"\n<div class=\"wp-block-group has-global-padding is-layout-constrained wp-block-group-is-layout-constrained\">\n<h2 class=\"wp-block-heading\"><span class=\"ez-toc-section\" id=\"acerca-de-esta-oportunidad\"><\/span>Acerca de esta oportunidad<span class=\"ez-toc-section-end\"><\/span><\/h2>\n\n\n\n<p>Es importante que las acciones de adaptaci\u00f3n y mitigaci\u00f3n comunicadas en las NDC 3.0 se desarrollen y apliquen de forma que se comprendan hol\u00edsticamente las sinergias, las interrelaciones y se reduzcan las posibles compensaciones. El <a href=\"https:\/\/unfccc.int\/documents\/632334\" target=\"_blank\" rel=\"noreferrer noopener\">Informe de S\u00edntesis de las NDC<\/a> 2023 identific\u00f3 que el 40% vincula las acciones de adaptaci\u00f3n con los marcos de desarrollo sostenible; sin embargo, s\u00f3lo el 27% identific\u00f3 sinergias entre adaptaci\u00f3n y mitigaci\u00f3n. Estas cifras representan un avance respecto a las NDC anteriores, pero ponen de manifiesto la necesidad de considerar y analizar mejor el nexo mitigaci\u00f3n-adaptaci\u00f3n.  <\/p>\n\n\n<div class=\"lightweight-accordion\"><details><summary class=\"lightweight-accordion-title\"><span>Reflejar el Balance Mundial<\/span><\/summary><div class=\"lightweight-accordion-body\">\n\n<p>El GST reconoce la interconexi\u00f3n de los esfuerzos de adaptaci\u00f3n y mitigaci\u00f3n:<\/p>\n\n\n\n<ul class=\"wp-block-list\">\n<li>P\u00e1rrafo 53: &#8220;<em>Subraya que la magnitud y el ritmo del cambio clim\u00e1tico y los riesgos asociados dependen en gran medida de las acciones de mitigaci\u00f3n y adaptaci\u00f3n a corto plazo&#8230;&#8221;<\/em><\/li>\n\n\n\n<li>P\u00e1rrafo 55: <em>&#8220;Fomenta la aplicaci\u00f3n de soluciones integradas y multisectoriales&#8230; que puedan ofrecer beneficios econ\u00f3micos, sociales y medioambientales&#8230;&#8221;.<\/em><\/li>\n\n\n\n<li>P\u00e1rrafo 56: <em>&#8220;Observa que los enfoques basados en los ecosistemas, incluidas las medidas de adaptaci\u00f3n y resiliencia basadas en los oc\u00e9anos&#8230; pueden reducir una serie de riesgos del cambio clim\u00e1tico y proporcionar m\u00faltiples beneficios colaterales&#8221;.<\/em><\/li>\n<\/ul>\n\n<\/div><\/details><\/div>\n\n\n<hr class=\"wp-block-separator has-alpha-channel-opacity\"\/>\n\n\n\n<div class=\"wp-block-group has-global-padding is-layout-constrained wp-block-group-is-layout-constrained\" style=\"margin-top:var(--wp--preset--spacing--48);margin-bottom:var(--wp--preset--spacing--48)\">\n<h3 class=\"wp-block-heading\"><strong>Las siguientes estrategias podr\u00edan ayudar a poner en pr\u00e1ctica esta Oportunidad:<\/strong><\/h3>\n\n\n\n<div class=\"wp-block-group has-global-padding is-layout-constrained wp-container-core-group-is-layout-19e250f3 wp-block-group-is-layout-constrained\"><div class=\"lightweight-accordion\"><details><summary class=\"lightweight-accordion-title\"><span>Reconocer, identificar y contabilizar la presencia de cobeneficios:  <\/span><\/summary><div class=\"lightweight-accordion-body\">\n\n<div class=\"wp-block-group has-global-padding is-layout-constrained wp-block-group-is-layout-constrained\">\n<p>Esto puede reforzar los casos de inversi\u00f3n demostrando los resultados directos e indirectos. Los cobeneficios sociales pueden reducir los costes fiscales al abordar los problemas sanitarios y de asistencia social. V\u00e9ase tambi\u00e9n &#8220;<a href=\"https:\/\/ndcnavigator.org\/es\/explorar-rutas-hacia-ndc-ambiciosas-e-implementables\/lograr-una-transicion-justa-y-equitativa\/comprender-los-impactos-y-los-beneficios-para-la-sociedad\/\" data-type=\"page\" data-id=\"72\">Oportunidad: Comprender los impactos y los beneficios para la sociedad<\/a>.&#8221;  <\/p>\n<\/div>\n\n<\/div><\/details><\/div>\n\n<div class=\"lightweight-accordion\"><details><summary class=\"lightweight-accordion-title\"><span>Promover los enfoques intersectoriales y la integraci\u00f3n:  <\/span><\/summary><div class=\"lightweight-accordion-body\">\n\n<div class=\"wp-block-group has-global-padding is-layout-constrained wp-block-group-is-layout-constrained\">\n<p>Esto ayuda a considerar sinergias y compensaciones, sobre todo en sectores fuertemente vinculados, como la agricultura y el agua, o la energ\u00eda y el transporte. V\u00e9ase tambi\u00e9n &#8220;<a href=\"https:\/\/ndcnavigator.org\/es\/explorar-rutas-hacia-ndc-ambiciosas-e-implementables\/movilizar-a-todo-el-gobierno-y-a-toda-la-sociedad\/\" data-type=\"page\" data-id=\"35\">Ruta: Moviliza a todo el gobierno y a toda la sociedad<\/a>&#8220;. <\/p>\n<\/div>\n\n<\/div><\/details><\/div>\n\n<div class=\"lightweight-accordion\"><details><summary class=\"lightweight-accordion-title\"><span>Aumentar la inclusividad de la toma de decisiones:  <\/span><\/summary><div class=\"lightweight-accordion-body\">\n\n<div class=\"wp-block-group has-global-padding is-layout-constrained wp-block-group-is-layout-constrained\">\n<p>Esto puede ayudar a identificar las compensaciones y la posible inadaptaci\u00f3n. V\u00e9ase tambi\u00e9n &#8220;<a href=\"https:\/\/ndcnavigator.org\/es\/explorar-rutas-hacia-ndc-ambiciosas-e-implementables\/movilizar-a-todo-el-gobierno-y-a-toda-la-sociedad\/\" data-type=\"page\" data-id=\"35\">Ruta: Moviliza a todo el gobierno y a toda la sociedad<\/a>&#8220;. <\/p>\n<\/div>\n\n<\/div><\/details><\/div>\n\n<div class=\"lightweight-accordion\"><details><summary class=\"lightweight-accordion-title\"><span>Evitar medidas de recuperaci\u00f3n que bloqueen los combustibles f\u00f3siles:  <\/span><\/summary><div class=\"lightweight-accordion-body\">\n\n<div class=\"wp-block-group has-global-padding is-layout-constrained wp-block-group-is-layout-constrained\">\n<p>Esto incluye dar prioridad a pol\u00edticas que apoyen una transformaci\u00f3n profunda de los sistemas existentes de producci\u00f3n y consumo. Por ejemplo, el bloqueo de los combustibles f\u00f3siles obstaculiza la consecuci\u00f3n de los ODS al imponer costes futuros y crear rendimientos decrecientes en los esfuerzos de adaptaci\u00f3n debido a la exacerbaci\u00f3n del cambio clim\u00e1tico. Ver &#8220;<a href=\"https:\/\/ndcnavigator.org\/es\/explorar-rutas-hacia-ndc-ambiciosas-e-implementables\/alineamiento-con-el-objetivo-de-temperatura-del-acuerdo-de-paris\/explorar-las-oportunidades-sectoriales\/\" data-type=\"page\" data-id=\"53\">Oportunidad: Explorar las oportunidades sectoriales<\/a>&#8221; para obtener orientaci\u00f3n sobre las opciones (incluida la forma de responder a los resultados pertinentes del GST) en este \u00e1mbito. V\u00e9ase tambi\u00e9n &#8220;<a href=\"https:\/\/ndcnavigator.org\/es\/explorar-rutas-hacia-ndc-ambiciosas-e-implementables\/lograr-una-transicion-justa-y-equitativa\/\" data-type=\"page\" data-id=\"33\">Ruta: Lograr una transici\u00f3n justa y equitativa<\/a> &#8221; para obtener orientaci\u00f3n sobre c\u00f3mo garantizar una transici\u00f3n justa y equitativa para abandonar los combustibles f\u00f3siles.   <\/p>\n<\/div>\n\n<\/div><\/details><\/div>\n\n<div class=\"lightweight-accordion\"><details><summary class=\"lightweight-accordion-title\"><span>Emplear estrategias urbanas de mitigaci\u00f3n:  <\/span><\/summary><div class=\"lightweight-accordion-body\">\n\n<div class=\"wp-block-group has-global-padding is-layout-constrained wp-block-group-is-layout-constrained\">\n<p>A menudo tienen sinergias de adaptaci\u00f3n, como abordar la calidad del aire mediante mejoras en las infraestructuras de transporte y energ\u00eda. V\u00e9ase tambi\u00e9n &#8220;<a href=\"#_Opportunity:_Engaging_local\">Oportunidad: Involucrar a los gobiernos locales y regionales<\/a>.&#8221; <\/p>\n<\/div>\n\n<\/div><\/details><\/div>\n\n<div class=\"lightweight-accordion\"><details><summary class=\"lightweight-accordion-title\"><span>Reforzar las medidas de mitigaci\u00f3n en la agricultura, el uso de la tierra y la silvicultura para desbloquear los cobeneficios sociales y las sinergias de adaptaci\u00f3n:  <\/span><\/summary><div class=\"lightweight-accordion-body\">\n\n<div class=\"wp-block-group has-global-padding is-layout-constrained wp-block-group-is-layout-constrained\">\n<p>Esto puede lograrse protegiendo y restaurando la biodiversidad, que sustenta los medios de subsistencia de los grupos marginados, los Pueblos Ind\u00edgenas y las comunidades locales. V\u00e9ase tambi\u00e9n &#8220;<a href=\"https:\/\/ndcnavigator.org\/es\/explorar-rutas-hacia-ndc-ambiciosas-e-implementables\/alineamiento-con-el-objetivo-de-temperatura-del-acuerdo-de-paris\/explorar-las-oportunidades-sectoriales\/\" data-type=\"page\" data-id=\"53\">Oportunidad: Explorar las oportunidades sectoriales<\/a>&#8220;. <\/p>\n<\/div>\n\n<\/div><\/details><\/div>\n\n<div class=\"lightweight-accordion\"><details><summary class=\"lightweight-accordion-title\"><span>Promover soluciones basadas en la naturaleza:<\/span><\/summary><div class=\"lightweight-accordion-body\">\n\n<div class=\"wp-block-group has-global-padding is-layout-constrained wp-block-group-is-layout-constrained\">\n<p>V\u00e9ase tambi\u00e9n &#8220;<a href=\"https:\/\/ndcnavigator.org\/es\/explorar-rutas-hacia-ndc-ambiciosas-e-implementables\/alineamiento-con-el-objetivo-global-de-adaptacion-del-acuerdo-de-paris\/mejorar-las-soluciones-basadas-en-la-naturaleza\/\" data-type=\"page\" data-id=\"309\">Oportunidad: Mejorar las soluciones basadas en la naturaleza<\/a>&#8220;.<\/p>\n<\/div>\n\n<\/div><\/details><\/div><\/div>\n<\/div>\n<\/div>\n\n<hr class=\"wp-block-separator has-alpha-channel-opacity\"\/>\n\n<div class=\"wp-block-group has-global-padding is-layout-constrained wp-block-group-is-layout-constrained\">\n<h2 class=\"wp-block-heading\"><span class=\"ez-toc-section\" id=\"ejemplos-de-paises\"><\/span>Ejemplos de pa\u00edses<span class=\"ez-toc-section-end\"><\/span><\/h2>\n\n\n\n<p><strong>Jordania<\/strong> identific\u00f3 la necesidad de una Estrategia a Largo Plazo (ELP) que respondiera no s\u00f3lo a la necesidad de un objetivo de mitigaci\u00f3n a largo plazo, sino tambi\u00e9n de mejorar la resiliencia y abordar importantes objetivos socioecon\u00f3micos y de desarrollo. Para apoyar el desarrollo de la Estrategia a Largo Plazo, se elabor\u00f3 una hoja de ruta y un conjunto de recomendaciones que sirvieran de base para las consultas y un plan de trabajo para su desarrollo. Esta hoja de ruta y recomendaciones plantean un enfoque integrado que incorpora objetivos de adaptaci\u00f3n, mitigaci\u00f3n y desarrollo, enmarcando la Visi\u00f3n y Estrategia a Largo Plazo en torno a un conjunto de pilares integrados e intersectoriales. Se elabor\u00f3 un conjunto de criterios para distinguir entre las distintas opciones de actuaci\u00f3n de cada pilar, apoyar la identificaci\u00f3n de los beneficios colaterales, la asignaci\u00f3n de fondos y garantizar la alineaci\u00f3n con otras prioridades nacionales de desarrollo. Estos criterios permiten al gobierno evitar acciones de mitigaci\u00f3n que conduzcan a una mala adaptaci\u00f3n, dar prioridad a las acciones clim\u00e1ticas que proporcionen cobeneficios de adaptaci\u00f3n-mitigaci\u00f3n, y destacar las acciones clim\u00e1ticas que apoyen el desarrollo nacional de Jordania proporcionando beneficios econ\u00f3micos, sociales y medioambientales distintos de la adaptaci\u00f3n y la mitigaci\u00f3n (empleo, competitividad, inclusi\u00f3n social, g\u00e9nero y ecosistemas). (Fuente: &#8220;<a href=\"https:\/\/www.moenv.gov.jo\/ebv4.0\/root_storage\/ar\/eb_list_page\/jordan_lts_roadmap.pdf\" target=\"_blank\" rel=\"noreferrer noopener\">Adoptar un enfoque integrado de la adaptaci\u00f3n y la resiliencia en el desarrollo de una Hoja de Ruta para una Estrategia a Largo Plazo para Jordania<\/a>&#8220;.     <a><\/a><a><\/a>Ministerio de Medio Ambiente).<\/p>\n\n\n\n<p><strong>El Estado de Palestina <\/strong>revis\u00f3 sus acciones de adaptaci\u00f3n y mitigaci\u00f3n comprometidas en su INDC e identific\u00f3 los cobeneficios y los beneficios de mitigaci\u00f3n de la adaptaci\u00f3n en distintos sectores. Su enfoque se centr\u00f3 en identificar y describir cualitativamente los cobeneficios y en puntuar cualitativamente cada componente para distinguir los beneficios bajos-medios-altos o los resultados negativos (es decir, la mala adaptaci\u00f3n causada por una acci\u00f3n de mitigaci\u00f3n). (Fuente: &#8220;<a href=\"https:\/\/unfccc.int\/sites\/default\/files\/NDC\/2022-06\/NDC_State%20of%20Palestine_Cobenefits.pdf\" target=\"_blank\" rel=\"noreferrer noopener\">Co-benefits of Adaptation and Mitigation Actions Included in the Contribuciones Determinadas a Nivel Nacional (NDC) Under Convenci\u00f3n Marco de las Naciones Unidas sobre el Cambio Clim\u00e1tico<\/a>,&#8221; UNFCCC).  <\/p>\n\n\n\n<p><strong>Filipinas: <\/strong>Como parte de la actualizaci\u00f3n del Plan Nacional de Acci\u00f3n contra el Cambio Clim\u00e1tico (PNACC) de Filipinas, se llev\u00f3 a cabo un an\u00e1lisis del nexo entre adaptaci\u00f3n y mitigaci\u00f3n en cada uno de los siete temas del PNACC. Este an\u00e1lisis aliment\u00f3 el desarrollo de orientaciones de alto nivel sobre posibles opciones para un proceso sistem\u00e1tico que podr\u00eda utilizarse para desarrollar un NCCAP mejorado. (Fuente: &#8220;<a href=\"https:\/\/unfccc.int\/sites\/default\/files\/NDC\/2022-06\/Philippines%20-%20NDC.pdf\" target=\"_blank\" rel=\"noreferrer noopener\">Plan de Acci\u00f3n sobre el Cambio Clim\u00e1tico de la Rep\u00fablica de Filipinas<\/a>&#8220;, CMNUCC).  <\/p>\n<\/div>\n\n<hr class=\"wp-block-separator has-alpha-channel-opacity\"\/>\n\n<div class=\"wp-block-group has-global-padding is-layout-constrained wp-block-group-is-layout-constrained\">\n<h2 class=\"wp-block-heading\"><span class=\"ez-toc-section\" id=\"otros-recursos\"><\/span>Otros recursos<span class=\"ez-toc-section-end\"><\/span><\/h2>\n\n\n\n<p><strong><a href=\"https:\/\/unfccc.int\/sites\/default\/files\/resource\/linkages_mitigation_adaptation_infpaper.pdf\" target=\"_blank\" rel=\"noreferrer noopener\">Documento informativo sobre los v\u00ednculos entre adaptaci\u00f3n y mitigaci\u00f3n<\/a><u> <\/u>(CMNUCC, 2022)<\/strong><br\/>Este documento pretende mejorar la comprensi\u00f3n de los v\u00ednculos entre adaptaci\u00f3n y mitigaci\u00f3n dentro de diferentes sectores y temas, examinando las sinergias y compensaciones. Se enmarca en una revisi\u00f3n de la investigaci\u00f3n cient\u00edfica, los informes presentados a la CMNUCC y los informes financiados por organizaciones internacionales. No proporciona principios del nexo mitigaci\u00f3n-adaptaci\u00f3n, sino que aporta el contexto y las pruebas del nexo.  <\/p>\n\n\n\n<p><strong><a href=\"https:\/\/www.unicef.org\/indonesia\/reports\/role-mitigation-adaptation-co-benefits-creating-more-resilient-future-all\" target=\"_blank\" rel=\"noreferrer noopener\">Study on the role of Mitigation-Adaptation co-benefits for creating a more resilient future for all<\/a> (UNICEF, 2022)<\/strong><br\/>Esta investigaci\u00f3n del Grupo de Trabajo sobre Sostenibilidad Clim\u00e1tica del G20 explora el potencial de las pol\u00edticas clim\u00e1ticas para ofrecer beneficios adicionales para el desarrollo sostenible, especialmente en el contexto de la actual recuperaci\u00f3n de la pandemia COVID-19. Se basa en un estudio anterior que evaluaba las repercusiones econ\u00f3micas, sociales y medioambientales m\u00e1s amplias de los planes de recuperaci\u00f3n sostenible, incluida su influencia en la aplicaci\u00f3n de las NDC. <\/p>\n\n\n\n<p><strong><a href=\"https:\/\/ndcpartnership.org\/knowledge-portal\/climate-toolbox\/reference-guide-adaptation-co-benefits\" target=\"_blank\" rel=\"noreferrer noopener\">Gu\u00eda de referencia sobre los cobeneficios<\/a><\/strong> de la adaptaci\u00f3n <strong>(Banco Mundial)<\/strong><br\/>Se trata de una gu\u00eda completa para captar los cobeneficios de la adaptaci\u00f3n al cambio clim\u00e1tico generados por los proyectos del Banco Mundial. Explica la importancia de los cobeneficios clim\u00e1ticos, c\u00f3mo se realiza su seguimiento y qu\u00e9 son los cobeneficios de la adaptaci\u00f3n. A continuaci\u00f3n, describe tres pasos para calcular los cobeneficios de la adaptaci\u00f3n en el Banco Mundial: A lo largo del documento y del anexo se incluyen preguntas orientativas para los equipos de trabajo, junto con ejemplos detallados de pa\u00edses.  <\/p>\n\n\n\n<p><strong><a href=\"https:\/\/ndcpartnership.org\/knowledge-portal\/climate-toolbox\/maladaptation-self-assessment-checklist\" target=\"_blank\" rel=\"noreferrer noopener\">Lista de comprobaci\u00f3n para la autoevaluaci\u00f3n<\/a><\/strong> de la mala adaptaci\u00f3n <strong>(Regilience, 2023)<\/strong><br\/>Muchas herramientas ofrecen apoyo para planificar una buena adaptaci\u00f3n al clima, pero descuidan el riesgo de mala adaptaci\u00f3n. Esta lista de comprobaci\u00f3n se centra expl\u00edcitamente en identificar los posibles factores de riesgo de mala adaptaci\u00f3n a la hora de elaborar y adoptar una estrategia o plan de adaptaci\u00f3n. <\/p>\n\n\n\n<p><a href=\"https:\/\/ndcpartnership.org\/knowledge-portal\/climate-toolbox\/impacts-climate-change-fisheries-and-aquaculture-synthesis-current-knowledge-adaptation-and\" target=\"_blank\" rel=\"noreferrer noopener\"><strong>Impactos del cambio clim\u00e1tico en la pesca y la acuicultura: S\u00edntesis de los conocimientos actuales y opciones de adaptaci\u00f3n y mitigaci\u00f3n<\/strong><\/a><strong> (FAO, 2018)<\/strong><br\/>Este informe proporciona la informaci\u00f3n m\u00e1s actualizada sobre los impactos desagregados del cambio clim\u00e1tico para la pesca marina y continental, y la acuicultura, en el contexto de la mitigaci\u00f3n de la pobreza y la dependencia diferencial de los pa\u00edses de los recursos pesqueros y pisc\u00edcolas. El trabajo se basa en proyecciones de modelos, an\u00e1lisis de datos y evaluaciones de expertos a escala nacional, regional y de cuenca. Los resultados indican que el cambio clim\u00e1tico provocar\u00e1 cambios significativos en la disponibilidad y el comercio de productos pesqueros, con consecuencias geopol\u00edticas y econ\u00f3micas potencialmente importantes, especialmente para los pa\u00edses m\u00e1s dependientes del sector.  <\/p>\n\n\n\n<p><a href=\"https:\/\/www.gainhealth.org\/sites\/default\/files\/publications\/documents\/ndcs-and-nutrition.pdf\">Integraci\u00f3n de la nutrici\u00f3n en la Contribuci\u00f3n Nacionalmente Determinada 3<\/a>.0 <strong>(GAIN, 2024)<\/strong><br\/>El informe de 2 p\u00e1ginas enumera 5 logros r\u00e1pidos para integrar las consideraciones nutricionales en las NDC, y buenas pr\u00e1cticas de 3 pa\u00edses (Ben\u00edn, El Salvador, Malawi) de la NDC2.0.<\/p>\n<\/div>\n\n<hr class=\"wp-block-separator has-alpha-channel-opacity\"\/>\n\n<div class=\"wp-block-group c-routes has-global-padding is-layout-constrained wp-block-group-is-layout-constrained\">\n<h2 class=\"wp-block-heading\"><span class=\"ez-toc-section\" id=\"como-enlaza-con-otras-rutas\"><\/span>C\u00f3mo enlaza con otras rutas<span class=\"ez-toc-section-end\"><\/span><\/h2>\n\n\n\n<p>Ampliar el nexo entre mitigaci\u00f3n y adaptaci\u00f3n contribuye a una acci\u00f3n m\u00e1s hol\u00edstica para abordar las causas y los impactos del cambio clim\u00e1tico. Tiene v\u00ednculos especialmente importantes con las siguientes Rutas.  Navega hasta ellas para leer m\u00e1s:<\/p>\n\n\n\n<div class=\"wp-block-group has-global-padding is-layout-constrained wp-container-core-group-is-layout-8ffe6b47 wp-block-group-is-layout-constrained\" style=\"margin-top:var(--wp--preset--spacing--48)\">\n<div class=\"wp-block-group c-routes__item is-nowrap is-layout-flex wp-container-core-group-is-layout-3acb6346 wp-block-group-is-layout-flex\">\n<div class=\"wp-block-group c-routes__image-wrap wp-container-content-759e20a8 is-layout-flow wp-block-group-is-layout-flow\">\n<figure class=\"wp-block-image size-icon is-resized has-custom-border is-style-rounded\"><a href=\"https:\/\/ndcnavigator.org\/es\/explorar-rutas-hacia-ndc-ambiciosas-e-implementables\/alineamiento-con-el-objetivo-de-temperatura-del-acuerdo-de-paris\/\"><img loading=\"lazy\" decoding=\"async\" width=\"100\" height=\"100\" src=\"https:\/\/ndcnavigator.org\/wp-content\/uploads\/2024\/05\/icon-route-1-100x100.png\" alt=\"\" class=\"has-border-color has-border-border-color wp-image-431\" style=\"border-width:1px;aspect-ratio:1;object-fit:cover;width:100px\" srcset=\"https:\/\/ndcnavigator.org\/wp-content\/uploads\/2024\/05\/icon-route-1-100x100.png 100w, https:\/\/ndcnavigator.org\/wp-content\/uploads\/2024\/05\/icon-route-1-150x150.png 150w, https:\/\/ndcnavigator.org\/wp-content\/uploads\/2024\/05\/icon-route-1.png 200w\" sizes=\"auto, (max-width: 100px) 100vw, 100px\" \/><\/a><\/figure>\n<\/div>\n\n\n\n<div class=\"wp-block-group wp-container-content-9cfa9a5a is-layout-flow wp-container-core-group-is-layout-a2fc1293 wp-block-group-is-layout-flow\">\n<h3 class=\"wp-block-heading has-heading-4-font-size\"><a href=\"https:\/\/ndcnavigator.org\/es\/explorar-rutas-hacia-ndc-ambiciosas-e-implementables\/alineamiento-con-el-objetivo-de-temperatura-del-acuerdo-de-paris\/\" data-type=\"page\" data-id=\"20\">Ruta: Alineamiento con el objetivo de temperatura del Acuerdo de Par\u00eds<\/a><\/h3>\n\n\n\n<p>La alineaci\u00f3n de las acciones (mitigaci\u00f3n y adaptaci\u00f3n) entre sectores y temas contribuye al proceso necesario para el an\u00e1lisis y la consideraci\u00f3n del nexo.<\/p>\n<\/div>\n<\/div>\n\n\n\n<div class=\"wp-block-group c-routes__item is-nowrap is-layout-flex wp-container-core-group-is-layout-3acb6346 wp-block-group-is-layout-flex\">\n<div class=\"wp-block-group c-routes__image-wrap wp-container-content-759e20a8 is-layout-flow wp-block-group-is-layout-flow\">\n<figure class=\"wp-block-image size-icon is-resized has-custom-border is-style-rounded\"><a href=\"https:\/\/ndcnavigator.org\/es\/explorar-rutas-hacia-ndc-ambiciosas-e-implementables\/tecnologia-y-creacion-de-capacidades-como-necesidades-y-facilitadores\/\"><img loading=\"lazy\" decoding=\"async\" width=\"100\" height=\"100\" src=\"https:\/\/ndcnavigator.org\/wp-content\/uploads\/2024\/05\/icon-route-5-100x100.png\" alt=\"\" class=\"has-border-color has-border-border-color wp-image-435\" style=\"border-width:1px;aspect-ratio:1;object-fit:cover;width:100px\" srcset=\"https:\/\/ndcnavigator.org\/wp-content\/uploads\/2024\/05\/icon-route-5-100x100.png 100w, https:\/\/ndcnavigator.org\/wp-content\/uploads\/2024\/05\/icon-route-5-150x150.png 150w, https:\/\/ndcnavigator.org\/wp-content\/uploads\/2024\/05\/icon-route-5.png 200w\" sizes=\"auto, (max-width: 100px) 100vw, 100px\" \/><\/a><\/figure>\n<\/div>\n\n\n\n<div class=\"wp-block-group wp-container-content-9cfa9a5a is-layout-flow wp-container-core-group-is-layout-a2fc1293 wp-block-group-is-layout-flow\">\n<h3 class=\"wp-block-heading has-heading-4-font-size\"><a href=\"https:\/\/ndcnavigator.org\/es\/explorar-rutas-hacia-ndc-ambiciosas-e-implementables\/lograr-una-transicion-justa-y-equitativa\/\" data-type=\"page\" data-id=\"33\"><\/a><a href=\"https:\/\/ndcnavigator.org\/explore-routes-to-ambitious-and-implementable-ndcs\/mobilises-all-of-government-and-all-of-society\/\" data-type=\"page\" data-id=\"35\"><\/a><a href=\"https:\/\/ndcnavigator.org\/es\/explorar-rutas-hacia-ndc-ambiciosas-e-implementables\/tecnologia-y-creacion-de-capacidades-como-necesidades-y-facilitadores\/\" data-type=\"page\" data-id=\"37\">Ruta: Tecnolog\u00eda y creaci\u00f3n de capacidades como necesidades y facilitadores<\/a><\/h3>\n\n\n\n<p>Destacar los beneficios colaterales entre las acciones previstas de mitigaci\u00f3n y adaptaci\u00f3n puede demostrar las necesidades y lagunas tecnol\u00f3gicas y de capacidad.<\/p>\n<\/div>\n<\/div>\n\n\n\n<div class=\"wp-block-group c-routes__item is-nowrap is-layout-flex wp-container-core-group-is-layout-3acb6346 wp-block-group-is-layout-flex\">\n<div class=\"wp-block-group c-routes__image-wrap wp-container-content-759e20a8 is-layout-flow wp-block-group-is-layout-flow\">\n<figure class=\"wp-block-image size-icon is-resized has-custom-border is-style-rounded\"><a href=\"https:\/\/ndcnavigator.org\/es\/explorar-rutas-hacia-ndc-ambiciosas-e-implementables\/desbloquear-el-financiamiento\/\"><img loading=\"lazy\" decoding=\"async\" width=\"100\" height=\"100\" src=\"https:\/\/ndcnavigator.org\/wp-content\/uploads\/2024\/05\/icon-route-7-100x100.png\" alt=\"\" class=\"has-border-color has-border-border-color wp-image-437\" style=\"border-width:1px;aspect-ratio:1;object-fit:cover;width:100px\" srcset=\"https:\/\/ndcnavigator.org\/wp-content\/uploads\/2024\/05\/icon-route-7-100x100.png 100w, https:\/\/ndcnavigator.org\/wp-content\/uploads\/2024\/05\/icon-route-7-150x150.png 150w, https:\/\/ndcnavigator.org\/wp-content\/uploads\/2024\/05\/icon-route-7.png 200w\" sizes=\"auto, (max-width: 100px) 100vw, 100px\" \/><\/a><\/figure>\n<\/div>\n\n\n\n<div class=\"wp-block-group wp-container-content-9cfa9a5a is-layout-flow wp-container-core-group-is-layout-a2fc1293 wp-block-group-is-layout-flow\">\n<h3 class=\"wp-block-heading has-heading-4-font-size\"><a href=\"https:\/\/ndcnavigator.org\/es\/explorar-rutas-hacia-ndc-ambiciosas-e-implementables\/lograr-una-transicion-justa-y-equitativa\/\" data-type=\"page\" data-id=\"33\"><\/a><a href=\"https:\/\/ndcnavigator.org\/explore-routes-to-ambitious-and-implementable-ndcs\/mobilises-all-of-government-and-all-of-society\/\" data-type=\"page\" data-id=\"35\"><\/a><a href=\"https:\/\/ndcnavigator.org\/es\/explorar-rutas-hacia-ndc-ambiciosas-e-implementables\/desbloquear-el-financiamiento\/\" data-type=\"page\" data-id=\"41\">Ruta: Desbloquear el financiamiento<\/a><\/h3>\n\n\n\n<p>Comunicar claramente el nexo entre mitigaci\u00f3n y adaptaci\u00f3n e identificar los beneficios colaterales puede mejorar el atractivo de las estrategias o acciones para la inversi\u00f3n y puede alinearse con los objetivos m\u00e1s amplios de las instituciones financieras.<\/p>\n<\/div>\n<\/div>\n\n\n\n<div class=\"wp-block-group c-routes__item is-nowrap is-layout-flex wp-container-core-group-is-layout-3acb6346 wp-block-group-is-layout-flex\">\n<div class=\"wp-block-group c-routes__image-wrap wp-container-content-759e20a8 is-layout-flow wp-block-group-is-layout-flow\">\n<figure class=\"wp-block-image size-icon is-resized has-custom-border is-style-rounded\"><a href=\"https:\/\/ndcnavigator.org\/es\/explorar-rutas-hacia-ndc-ambiciosas-e-implementables\/movilizar-a-todo-el-gobierno-y-a-toda-la-sociedad\/\"><img loading=\"lazy\" decoding=\"async\" width=\"100\" height=\"100\" src=\"https:\/\/ndcnavigator.org\/wp-content\/uploads\/2024\/05\/icon-route-4-100x100.png\" alt=\"\" class=\"has-border-color has-border-border-color wp-image-434\" style=\"border-width:1px;aspect-ratio:1;object-fit:cover;width:100px\" srcset=\"https:\/\/ndcnavigator.org\/wp-content\/uploads\/2024\/05\/icon-route-4-100x100.png 100w, https:\/\/ndcnavigator.org\/wp-content\/uploads\/2024\/05\/icon-route-4-150x150.png 150w, https:\/\/ndcnavigator.org\/wp-content\/uploads\/2024\/05\/icon-route-4.png 200w\" sizes=\"auto, (max-width: 100px) 100vw, 100px\" \/><\/a><\/figure>\n<\/div>\n\n\n\n<div class=\"wp-block-group wp-container-content-9cfa9a5a is-layout-flow wp-container-core-group-is-layout-a2fc1293 wp-block-group-is-layout-flow\">\n<h3 class=\"wp-block-heading has-heading-4-font-size\"><a href=\"https:\/\/ndcnavigator.org\/es\/explorar-rutas-hacia-ndc-ambiciosas-e-implementables\/lograr-una-transicion-justa-y-equitativa\/\" data-type=\"page\" data-id=\"33\"><\/a><a href=\"https:\/\/ndcnavigator.org\/explore-routes-to-ambitious-and-implementable-ndcs\/mobilises-all-of-government-and-all-of-society\/\" data-type=\"page\" data-id=\"35\"><\/a><a href=\"https:\/\/ndcnavigator.org\/es\/explorar-rutas-hacia-ndc-ambiciosas-e-implementables\/movilizar-a-todo-el-gobierno-y-a-toda-la-sociedad\/\" data-type=\"page\" data-id=\"35\">Ruta: Movilizar a todo el gobierno y a toda la sociedad<\/a><\/h3>\n\n\n\n<p>Involucrar a las partes interesadas de todo el gobierno y de toda la sociedad ayuda a reforzar la comprensi\u00f3n del nexo y a garantizar que se tienen en cuenta todos los beneficios, impactos y v\u00ednculos.<\/p>\n<\/div>\n<\/div>\n<\/div>\n<\/div>\n\n<hr class=\"wp-block-separator has-alpha-channel-opacity\"\/>\n\n<div class=\"wp-block-group is-layout-flow wp-block-group-is-layout-flow\">\n<h2 class=\"wp-block-heading\"><span class=\"ez-toc-section\" id=\"oportunidades-adicionales\"><\/span>Oportunidades adicionales<span class=\"ez-toc-section-end\"><\/span><\/h2>\n\n\n\n<div class=\"wp-block-query is-layout-flow wp-block-query-is-layout-flow\"><ul class=\"columns-2 wp-block-post-template is-layout-grid wp-container-core-post-template-is-layout-c853f95c wp-block-post-template-is-layout-grid\"><li class=\"wp-block-post post-1646 page type-page status-publish hentry\">\n\n<article class=\"wp-block-group c-card has-grey-tint-background-color has-background has-global-padding is-content-justification-left is-layout-constrained wp-container-core-group-is-layout-58c34872 wp-block-group-is-layout-constrained\" style=\"min-height:100%;padding-top:var(--wp--preset--spacing--24);padding-right:var(--wp--preset--spacing--24);padding-bottom:var(--wp--preset--spacing--24);padding-left:var(--wp--preset--spacing--24)\">\n<div class=\"wp-block-group c-card__title-wrap wp-container-content-9cfa9a5a is-layout-flow wp-block-group-is-layout-flow\"><h3 class=\"c-card__title wp-block-post-title has-heading-4-font-size\"><a href=\"https:\/\/ndcnavigator.org\/es\/explorar-rutas-hacia-ndc-ambiciosas-e-implementables\/alineamiento-con-el-objetivo-global-de-adaptacion-del-acuerdo-de-paris\/establecer-y-lograr-los-objetivos-y-metas-trazadas\/\" target=\"_self\" >Establecer y lograr los objetivos y metas trazadas<\/a><\/h3><\/div>\n\n\n\n<div class=\"wp-block-group c-card__cta is-layout-flow wp-block-group-is-layout-flow\"><a class=\"is-style-prefix-read-more-link wp-block-read-more\" href=\"https:\/\/ndcnavigator.org\/es\/explorar-rutas-hacia-ndc-ambiciosas-e-implementables\/alineamiento-con-el-objetivo-global-de-adaptacion-del-acuerdo-de-paris\/establecer-y-lograr-los-objetivos-y-metas-trazadas\/\" target=\"_self\">Explora esta oportunidad<span class=\"screen-reader-text\">: Establecer y lograr los objetivos y metas trazadas<\/span><\/a><\/div>\n<\/article>\n\n<\/li><li class=\"wp-block-post post-1657 page type-page status-publish hentry\">\n\n<article class=\"wp-block-group c-card has-grey-tint-background-color has-background has-global-padding is-content-justification-left is-layout-constrained wp-container-core-group-is-layout-58c34872 wp-block-group-is-layout-constrained\" style=\"min-height:100%;padding-top:var(--wp--preset--spacing--24);padding-right:var(--wp--preset--spacing--24);padding-bottom:var(--wp--preset--spacing--24);padding-left:var(--wp--preset--spacing--24)\">\n<div class=\"wp-block-group c-card__title-wrap wp-container-content-9cfa9a5a is-layout-flow wp-block-group-is-layout-flow\"><h3 class=\"c-card__title wp-block-post-title has-heading-4-font-size\"><a href=\"https:\/\/ndcnavigator.org\/es\/explorar-rutas-hacia-ndc-ambiciosas-e-implementables\/alineamiento-con-el-objetivo-global-de-adaptacion-del-acuerdo-de-paris\/mejorar-las-interrelaciones-entre-las-ndc-y-los-nap\/\" target=\"_self\" >Mejorar las interrelaciones entre las NDC y los NAP<\/a><\/h3><\/div>\n\n\n\n<div class=\"wp-block-group c-card__cta is-layout-flow wp-block-group-is-layout-flow\"><a class=\"is-style-prefix-read-more-link wp-block-read-more\" href=\"https:\/\/ndcnavigator.org\/es\/explorar-rutas-hacia-ndc-ambiciosas-e-implementables\/alineamiento-con-el-objetivo-global-de-adaptacion-del-acuerdo-de-paris\/mejorar-las-interrelaciones-entre-las-ndc-y-los-nap\/\" target=\"_self\">Explora esta oportunidad<span class=\"screen-reader-text\">: Mejorar las interrelaciones entre las NDC y los NAP<\/span><\/a><\/div>\n<\/article>\n\n<\/li><li class=\"wp-block-post post-1663 page type-page status-publish hentry\">\n\n<article class=\"wp-block-group c-card has-grey-tint-background-color has-background has-global-padding is-content-justification-left is-layout-constrained wp-container-core-group-is-layout-58c34872 wp-block-group-is-layout-constrained\" style=\"min-height:100%;padding-top:var(--wp--preset--spacing--24);padding-right:var(--wp--preset--spacing--24);padding-bottom:var(--wp--preset--spacing--24);padding-left:var(--wp--preset--spacing--24)\">\n<div class=\"wp-block-group c-card__title-wrap wp-container-content-9cfa9a5a is-layout-flow wp-block-group-is-layout-flow\"><h3 class=\"c-card__title wp-block-post-title has-heading-4-font-size\"><a href=\"https:\/\/ndcnavigator.org\/es\/explorar-rutas-hacia-ndc-ambiciosas-e-implementables\/alineamiento-con-el-objetivo-global-de-adaptacion-del-acuerdo-de-paris\/mejorar-la-disponibilidad-de-datos-para-una-toma-de-decisiones-informada\/\" target=\"_self\" >Mejorar la disponibilidad de datos para una toma de decisiones informada<\/a><\/h3><\/div>\n\n\n\n<div class=\"wp-block-group c-card__cta is-layout-flow wp-block-group-is-layout-flow\"><a class=\"is-style-prefix-read-more-link wp-block-read-more\" href=\"https:\/\/ndcnavigator.org\/es\/explorar-rutas-hacia-ndc-ambiciosas-e-implementables\/alineamiento-con-el-objetivo-global-de-adaptacion-del-acuerdo-de-paris\/mejorar-la-disponibilidad-de-datos-para-una-toma-de-decisiones-informada\/\" target=\"_self\">Explora esta oportunidad<span class=\"screen-reader-text\">: Mejorar la disponibilidad de datos para una toma de decisiones informada<\/span><\/a><\/div>\n<\/article>\n\n<\/li><li class=\"wp-block-post post-1652 page type-page status-publish hentry\">\n\n<article class=\"wp-block-group c-card has-grey-tint-background-color has-background has-global-padding is-content-justification-left is-layout-constrained wp-container-core-group-is-layout-58c34872 wp-block-group-is-layout-constrained\" style=\"min-height:100%;padding-top:var(--wp--preset--spacing--24);padding-right:var(--wp--preset--spacing--24);padding-bottom:var(--wp--preset--spacing--24);padding-left:var(--wp--preset--spacing--24)\">\n<div class=\"wp-block-group c-card__title-wrap wp-container-content-9cfa9a5a is-layout-flow wp-block-group-is-layout-flow\"><h3 class=\"c-card__title wp-block-post-title has-heading-4-font-size\"><a href=\"https:\/\/ndcnavigator.org\/es\/explorar-rutas-hacia-ndc-ambiciosas-e-implementables\/alineamiento-con-el-objetivo-global-de-adaptacion-del-acuerdo-de-paris\/integrar-las-perdidas-y-danos\/\" target=\"_self\" >Integrar las p\u00e9rdidas y da\u00f1os<\/a><\/h3><\/div>\n\n\n\n<div class=\"wp-block-group c-card__cta is-layout-flow wp-block-group-is-layout-flow\"><a class=\"is-style-prefix-read-more-link wp-block-read-more\" href=\"https:\/\/ndcnavigator.org\/es\/explorar-rutas-hacia-ndc-ambiciosas-e-implementables\/alineamiento-con-el-objetivo-global-de-adaptacion-del-acuerdo-de-paris\/integrar-las-perdidas-y-danos\/\" target=\"_self\">Explora esta oportunidad<span class=\"screen-reader-text\">: Integrar las p\u00e9rdidas y da\u00f1os<\/span><\/a><\/div>\n<\/article>\n\n<\/li><li class=\"wp-block-post post-1627 page type-page status-publish hentry\">\n\n<article class=\"wp-block-group c-card has-grey-tint-background-color has-background has-global-padding is-content-justification-left is-layout-constrained wp-container-core-group-is-layout-58c34872 wp-block-group-is-layout-constrained\" style=\"min-height:100%;padding-top:var(--wp--preset--spacing--24);padding-right:var(--wp--preset--spacing--24);padding-bottom:var(--wp--preset--spacing--24);padding-left:var(--wp--preset--spacing--24)\">\n<div class=\"wp-block-group c-card__title-wrap wp-container-content-9cfa9a5a is-layout-flow wp-block-group-is-layout-flow\"><h3 class=\"c-card__title wp-block-post-title has-heading-4-font-size\"><a href=\"https:\/\/ndcnavigator.org\/es\/explorar-rutas-hacia-ndc-ambiciosas-e-implementables\/alineamiento-con-el-objetivo-global-de-adaptacion-del-acuerdo-de-paris\/incorporar-a-toda-la-sociedad-en-la-planificacion-de-la-adaptacion\/\" target=\"_self\" >Incorporar a toda la sociedad en la planificaci\u00f3n de la adaptaci\u00f3n<\/a><\/h3><\/div>\n\n\n\n<div class=\"wp-block-group c-card__cta is-layout-flow wp-block-group-is-layout-flow\"><a class=\"is-style-prefix-read-more-link wp-block-read-more\" href=\"https:\/\/ndcnavigator.org\/es\/explorar-rutas-hacia-ndc-ambiciosas-e-implementables\/alineamiento-con-el-objetivo-global-de-adaptacion-del-acuerdo-de-paris\/incorporar-a-toda-la-sociedad-en-la-planificacion-de-la-adaptacion\/\" target=\"_self\">Explora esta oportunidad<span class=\"screen-reader-text\">: Incorporar a toda la sociedad en la planificaci\u00f3n de la adaptaci\u00f3n<\/span><\/a><\/div>\n<\/article>\n\n<\/li><li class=\"wp-block-post post-1645 page type-page status-publish hentry\">\n\n<article class=\"wp-block-group c-card has-grey-tint-background-color has-background has-global-padding is-content-justification-left is-layout-constrained wp-container-core-group-is-layout-58c34872 wp-block-group-is-layout-constrained\" style=\"min-height:100%;padding-top:var(--wp--preset--spacing--24);padding-right:var(--wp--preset--spacing--24);padding-bottom:var(--wp--preset--spacing--24);padding-left:var(--wp--preset--spacing--24)\">\n<div class=\"wp-block-group c-card__title-wrap wp-container-content-9cfa9a5a is-layout-flow wp-block-group-is-layout-flow\"><h3 class=\"c-card__title wp-block-post-title has-heading-4-font-size\"><a href=\"https:\/\/ndcnavigator.org\/es\/explorar-rutas-hacia-ndc-ambiciosas-e-implementables\/alineamiento-con-el-objetivo-global-de-adaptacion-del-acuerdo-de-paris\/ampliar-el-nexo-entre-mitigacion-y-adaptacion\/\" target=\"_self\" >Ampliar el nexo entre mitigaci\u00f3n y adaptaci\u00f3n<\/a><\/h3><\/div>\n\n\n\n<div class=\"wp-block-group c-card__cta is-layout-flow wp-block-group-is-layout-flow\"><a class=\"is-style-prefix-read-more-link wp-block-read-more\" href=\"https:\/\/ndcnavigator.org\/es\/explorar-rutas-hacia-ndc-ambiciosas-e-implementables\/alineamiento-con-el-objetivo-global-de-adaptacion-del-acuerdo-de-paris\/ampliar-el-nexo-entre-mitigacion-y-adaptacion\/\" target=\"_self\">Explora esta oportunidad<span class=\"screen-reader-text\">: Ampliar el nexo entre mitigaci\u00f3n y adaptaci\u00f3n<\/span><\/a><\/div>\n<\/article>\n\n<\/li><li class=\"wp-block-post post-1660 page type-page status-publish hentry\">\n\n<article class=\"wp-block-group c-card has-grey-tint-background-color has-background has-global-padding is-content-justification-left is-layout-constrained wp-container-core-group-is-layout-58c34872 wp-block-group-is-layout-constrained\" style=\"min-height:100%;padding-top:var(--wp--preset--spacing--24);padding-right:var(--wp--preset--spacing--24);padding-bottom:var(--wp--preset--spacing--24);padding-left:var(--wp--preset--spacing--24)\">\n<div class=\"wp-block-group c-card__title-wrap wp-container-content-9cfa9a5a is-layout-flow wp-block-group-is-layout-flow\"><h3 class=\"c-card__title wp-block-post-title has-heading-4-font-size\"><a href=\"https:\/\/ndcnavigator.org\/es\/explorar-rutas-hacia-ndc-ambiciosas-e-implementables\/alineamiento-con-el-objetivo-global-de-adaptacion-del-acuerdo-de-paris\/mejorar-las-soluciones-basadas-en-la-naturaleza\/\" target=\"_self\" >Mejorar las soluciones basadas en la naturaleza<\/a><\/h3><\/div>\n\n\n\n<div class=\"wp-block-group c-card__cta is-layout-flow wp-block-group-is-layout-flow\"><a class=\"is-style-prefix-read-more-link wp-block-read-more\" href=\"https:\/\/ndcnavigator.org\/es\/explorar-rutas-hacia-ndc-ambiciosas-e-implementables\/alineamiento-con-el-objetivo-global-de-adaptacion-del-acuerdo-de-paris\/mejorar-las-soluciones-basadas-en-la-naturaleza\/\" target=\"_self\">Explora esta oportunidad<span class=\"screen-reader-text\">: Mejorar las soluciones basadas en la naturaleza<\/span><\/a><\/div>\n<\/article>\n\n<\/li><li class=\"wp-block-post post-1666 page type-page status-publish hentry\">\n\n<article class=\"wp-block-group c-card has-grey-tint-background-color has-background has-global-padding is-content-justification-left is-layout-constrained wp-container-core-group-is-layout-58c34872 wp-block-group-is-layout-constrained\" style=\"min-height:100%;padding-top:var(--wp--preset--spacing--24);padding-right:var(--wp--preset--spacing--24);padding-bottom:var(--wp--preset--spacing--24);padding-left:var(--wp--preset--spacing--24)\">\n<div class=\"wp-block-group c-card__title-wrap wp-container-content-9cfa9a5a is-layout-flow wp-block-group-is-layout-flow\"><h3 class=\"c-card__title wp-block-post-title has-heading-4-font-size\"><a href=\"https:\/\/ndcnavigator.org\/es\/explorar-rutas-hacia-ndc-ambiciosas-e-implementables\/alineamiento-con-el-objetivo-de-temperatura-del-acuerdo-de-paris\/explorar-las-oportunidades-sectoriales\/\" target=\"_self\" >Explorar las oportunidades sectoriales<\/a><\/h3><\/div>\n\n\n\n<div class=\"wp-block-group c-card__cta is-layout-flow wp-block-group-is-layout-flow\"><a class=\"is-style-prefix-read-more-link wp-block-read-more\" href=\"https:\/\/ndcnavigator.org\/es\/explorar-rutas-hacia-ndc-ambiciosas-e-implementables\/alineamiento-con-el-objetivo-de-temperatura-del-acuerdo-de-paris\/explorar-las-oportunidades-sectoriales\/\" target=\"_self\">Explora esta oportunidad<span class=\"screen-reader-text\">: Explorar las oportunidades sectoriales<\/span><\/a><\/div>\n<\/article>\n\n<\/li><\/ul>\n\n<\/div>\n<\/div>\n","protected":false},"excerpt":{"rendered":"<p>Acerca de esta oportunidad Es importante que las acciones de adaptaci\u00f3n y mitigaci\u00f3n comunicadas en las NDC 3.0 se desarrollen y apliquen de forma que se comprendan hol\u00edsticamente las sinergias, las interrelaciones y se reduzcan las posibles compensaciones. El Informe de S\u00edntesis de las NDC 2023 identific\u00f3 que el 40% vincula las acciones de adaptaci\u00f3n [&hellip;]<\/p>\n","protected":false},"author":1,"featured_media":0,"parent":1651,"menu_order":6,"comment_status":"closed","ping_status":"closed","template":"page-with-sidebar","meta":{"_acf_changed":false,"inline_featured_image":false,"footnotes":""},"class_list":["post-1645","page","type-page","status-publish","hentry"],"acf":[],"yoast_head":"<!-- This site is optimized with the Yoast SEO plugin v27.4 - https:\/\/yoast.com\/product\/yoast-seo-wordpress\/ -->\n<title>Ampliar el nexo entre mitigaci\u00f3n y adaptaci\u00f3n - Navegador NDC 3.0<\/title>\n<meta name=\"robots\" content=\"index, follow, max-snippet:-1, max-image-preview:large, max-video-preview:-1\" \/>\n<link rel=\"canonical\" href=\"https:\/\/ndcnavigator.org\/es\/explorar-rutas-hacia-ndc-ambiciosas-e-implementables\/alineamiento-con-el-objetivo-global-de-adaptacion-del-acuerdo-de-paris\/ampliar-el-nexo-entre-mitigacion-y-adaptacion\/\" \/>\n<meta property=\"og:locale\" content=\"es_ES\" \/>\n<meta property=\"og:type\" content=\"article\" \/>\n<meta property=\"og:title\" content=\"Ampliar el nexo entre mitigaci\u00f3n y adaptaci\u00f3n - Navegador NDC 3.0\" \/>\n<meta property=\"og:description\" content=\"Acerca de esta oportunidad Es importante que las acciones de adaptaci\u00f3n y mitigaci\u00f3n comunicadas en las NDC 3.0 se desarrollen y apliquen de forma que se comprendan hol\u00edsticamente las sinergias, las interrelaciones y se reduzcan las posibles compensaciones. El Informe de S\u00edntesis de las NDC 2023 identific\u00f3 que el 40% vincula las acciones de adaptaci\u00f3n [&hellip;]\" \/>\n<meta property=\"og:url\" content=\"https:\/\/ndcnavigator.org\/es\/explorar-rutas-hacia-ndc-ambiciosas-e-implementables\/alineamiento-con-el-objetivo-global-de-adaptacion-del-acuerdo-de-paris\/ampliar-el-nexo-entre-mitigacion-y-adaptacion\/\" \/>\n<meta property=\"og:site_name\" content=\"Navegador NDC 3.0\" \/>\n<meta property=\"article:publisher\" content=\"https:\/\/www.facebook.com\/ndcpartnership\/\" \/>\n<meta property=\"article:modified_time\" content=\"2025-06-20T16:18:21+00:00\" \/>\n<meta property=\"og:image\" content=\"https:\/\/ndcnavigator.org\/wp-content\/uploads\/2024\/05\/icon-route-1.png\" \/>\n\t<meta property=\"og:image:width\" content=\"200\" \/>\n\t<meta property=\"og:image:height\" content=\"200\" \/>\n\t<meta property=\"og:image:type\" content=\"image\/png\" \/>\n<meta name=\"twitter:card\" content=\"summary_large_image\" \/>\n<meta name=\"twitter:site\" content=\"@ndcpartnership\" \/>\n<meta name=\"twitter:label1\" content=\"Est. reading time\" \/>\n\t<meta name=\"twitter:data1\" content=\"9 minutes\" \/>\n<script type=\"application\/ld+json\" class=\"yoast-schema-graph\">{\"@context\":\"https:\\\/\\\/schema.org\",\"@graph\":[{\"@type\":\"WebPage\",\"@id\":\"https:\\\/\\\/ndcnavigator.org\\\/es\\\/explorar-rutas-hacia-ndc-ambiciosas-e-implementables\\\/alineamiento-con-el-objetivo-global-de-adaptacion-del-acuerdo-de-paris\\\/ampliar-el-nexo-entre-mitigacion-y-adaptacion\\\/\",\"url\":\"https:\\\/\\\/ndcnavigator.org\\\/es\\\/explorar-rutas-hacia-ndc-ambiciosas-e-implementables\\\/alineamiento-con-el-objetivo-global-de-adaptacion-del-acuerdo-de-paris\\\/ampliar-el-nexo-entre-mitigacion-y-adaptacion\\\/\",\"name\":\"Ampliar el nexo entre mitigaci\u00f3n y adaptaci\u00f3n - Navegador NDC 3.0\",\"isPartOf\":{\"@id\":\"https:\\\/\\\/ndcnavigator.org\\\/es\\\/#website\"},\"primaryImageOfPage\":{\"@id\":\"https:\\\/\\\/ndcnavigator.org\\\/es\\\/explorar-rutas-hacia-ndc-ambiciosas-e-implementables\\\/alineamiento-con-el-objetivo-global-de-adaptacion-del-acuerdo-de-paris\\\/ampliar-el-nexo-entre-mitigacion-y-adaptacion\\\/#primaryimage\"},\"image\":{\"@id\":\"https:\\\/\\\/ndcnavigator.org\\\/es\\\/explorar-rutas-hacia-ndc-ambiciosas-e-implementables\\\/alineamiento-con-el-objetivo-global-de-adaptacion-del-acuerdo-de-paris\\\/ampliar-el-nexo-entre-mitigacion-y-adaptacion\\\/#primaryimage\"},\"thumbnailUrl\":\"https:\\\/\\\/ndcnavigator.org\\\/wp-content\\\/uploads\\\/2024\\\/05\\\/icon-route-1-100x100.png\",\"datePublished\":\"2024-05-01T14:29:18+00:00\",\"dateModified\":\"2025-06-20T16:18:21+00:00\",\"breadcrumb\":{\"@id\":\"https:\\\/\\\/ndcnavigator.org\\\/es\\\/explorar-rutas-hacia-ndc-ambiciosas-e-implementables\\\/alineamiento-con-el-objetivo-global-de-adaptacion-del-acuerdo-de-paris\\\/ampliar-el-nexo-entre-mitigacion-y-adaptacion\\\/#breadcrumb\"},\"inLanguage\":\"es-ES\",\"potentialAction\":[{\"@type\":\"ReadAction\",\"target\":[\"https:\\\/\\\/ndcnavigator.org\\\/es\\\/explorar-rutas-hacia-ndc-ambiciosas-e-implementables\\\/alineamiento-con-el-objetivo-global-de-adaptacion-del-acuerdo-de-paris\\\/ampliar-el-nexo-entre-mitigacion-y-adaptacion\\\/\"]}]},{\"@type\":\"ImageObject\",\"inLanguage\":\"es-ES\",\"@id\":\"https:\\\/\\\/ndcnavigator.org\\\/es\\\/explorar-rutas-hacia-ndc-ambiciosas-e-implementables\\\/alineamiento-con-el-objetivo-global-de-adaptacion-del-acuerdo-de-paris\\\/ampliar-el-nexo-entre-mitigacion-y-adaptacion\\\/#primaryimage\",\"url\":\"https:\\\/\\\/ndcnavigator.org\\\/wp-content\\\/uploads\\\/2024\\\/05\\\/icon-route-1-100x100.png\",\"contentUrl\":\"https:\\\/\\\/ndcnavigator.org\\\/wp-content\\\/uploads\\\/2024\\\/05\\\/icon-route-1-100x100.png\"},{\"@type\":\"BreadcrumbList\",\"@id\":\"https:\\\/\\\/ndcnavigator.org\\\/es\\\/explorar-rutas-hacia-ndc-ambiciosas-e-implementables\\\/alineamiento-con-el-objetivo-global-de-adaptacion-del-acuerdo-de-paris\\\/ampliar-el-nexo-entre-mitigacion-y-adaptacion\\\/#breadcrumb\",\"itemListElement\":[{\"@type\":\"ListItem\",\"position\":1,\"name\":\"Inicio\",\"item\":\"https:\\\/\\\/ndcnavigator.org\\\/es\\\/\"},{\"@type\":\"ListItem\",\"position\":2,\"name\":\"Explorar rutas hacia NDC ambiciosas e implementables\",\"item\":\"https:\\\/\\\/ndcnavigator.org\\\/es\\\/explorar-rutas-hacia-ndc-ambiciosas-e-implementables\\\/\"},{\"@type\":\"ListItem\",\"position\":3,\"name\":\"Alineamiento con el objetivo global de adaptaci\u00f3n del Acuerdo de Par\u00eds\",\"item\":\"https:\\\/\\\/ndcnavigator.org\\\/es\\\/explorar-rutas-hacia-ndc-ambiciosas-e-implementables\\\/alineamiento-con-el-objetivo-global-de-adaptacion-del-acuerdo-de-paris\\\/\"},{\"@type\":\"ListItem\",\"position\":4,\"name\":\"Ampliar el nexo entre mitigaci\u00f3n y adaptaci\u00f3n\"}]},{\"@type\":\"WebSite\",\"@id\":\"https:\\\/\\\/ndcnavigator.org\\\/es\\\/#website\",\"url\":\"https:\\\/\\\/ndcnavigator.org\\\/es\\\/\",\"name\":\"NDC 3.0 Navigator\",\"description\":\"\",\"publisher\":{\"@id\":\"https:\\\/\\\/ndcnavigator.org\\\/es\\\/#organization\"},\"potentialAction\":[{\"@type\":\"SearchAction\",\"target\":{\"@type\":\"EntryPoint\",\"urlTemplate\":\"https:\\\/\\\/ndcnavigator.org\\\/es\\\/?s={search_term_string}\"},\"query-input\":{\"@type\":\"PropertyValueSpecification\",\"valueRequired\":true,\"valueName\":\"search_term_string\"}}],\"inLanguage\":\"es-ES\"},{\"@type\":\"Organization\",\"@id\":\"https:\\\/\\\/ndcnavigator.org\\\/es\\\/#organization\",\"name\":\"NDC Partnership\",\"url\":\"https:\\\/\\\/ndcnavigator.org\\\/es\\\/\",\"logo\":{\"@type\":\"ImageObject\",\"inLanguage\":\"es-ES\",\"@id\":\"https:\\\/\\\/ndcnavigator.org\\\/es\\\/#\\\/schema\\\/logo\\\/image\\\/\",\"url\":\"https:\\\/\\\/ndcnavigator.org\\\/wp-content\\\/uploads\\\/2024\\\/05\\\/logo-ndcp.png\",\"contentUrl\":\"https:\\\/\\\/ndcnavigator.org\\\/wp-content\\\/uploads\\\/2024\\\/05\\\/logo-ndcp.png\",\"width\":460,\"height\":260,\"caption\":\"NDC Partnership\"},\"image\":{\"@id\":\"https:\\\/\\\/ndcnavigator.org\\\/es\\\/#\\\/schema\\\/logo\\\/image\\\/\"},\"sameAs\":[\"https:\\\/\\\/www.facebook.com\\\/ndcpartnership\\\/\",\"https:\\\/\\\/x.com\\\/ndcpartnership\",\"https:\\\/\\\/www.linkedin.com\\\/company\\\/ndcpartnership\\\/\",\"https:\\\/\\\/www.youtube.com\\\/channel\\\/UCI9wdmuD1OsgqipKpTUGSsg\",\"https:\\\/\\\/www.instagram.com\\\/ndcpartnership\\\/\",\"https:\\\/\\\/issuu.com\\\/ndcpartnership\"]}]}<\/script>\n<!-- \/ Yoast SEO plugin. -->","yoast_head_json":{"title":"Ampliar el nexo entre mitigaci\u00f3n y adaptaci\u00f3n - Navegador NDC 3.0","robots":{"index":"index","follow":"follow","max-snippet":"max-snippet:-1","max-image-preview":"max-image-preview:large","max-video-preview":"max-video-preview:-1"},"canonical":"https:\/\/ndcnavigator.org\/es\/explorar-rutas-hacia-ndc-ambiciosas-e-implementables\/alineamiento-con-el-objetivo-global-de-adaptacion-del-acuerdo-de-paris\/ampliar-el-nexo-entre-mitigacion-y-adaptacion\/","og_locale":"es_ES","og_type":"article","og_title":"Ampliar el nexo entre mitigaci\u00f3n y adaptaci\u00f3n - Navegador NDC 3.0","og_description":"Acerca de esta oportunidad Es importante que las acciones de adaptaci\u00f3n y mitigaci\u00f3n comunicadas en las NDC 3.0 se desarrollen y apliquen de forma que se comprendan hol\u00edsticamente las sinergias, las interrelaciones y se reduzcan las posibles compensaciones. El Informe de S\u00edntesis de las NDC 2023 identific\u00f3 que el 40% vincula las acciones de adaptaci\u00f3n [&hellip;]","og_url":"https:\/\/ndcnavigator.org\/es\/explorar-rutas-hacia-ndc-ambiciosas-e-implementables\/alineamiento-con-el-objetivo-global-de-adaptacion-del-acuerdo-de-paris\/ampliar-el-nexo-entre-mitigacion-y-adaptacion\/","og_site_name":"Navegador NDC 3.0","article_publisher":"https:\/\/www.facebook.com\/ndcpartnership\/","article_modified_time":"2025-06-20T16:18:21+00:00","og_image":[{"width":200,"height":200,"url":"https:\/\/ndcnavigator.org\/wp-content\/uploads\/2024\/05\/icon-route-1.png","type":"image\/png"}],"twitter_card":"summary_large_image","twitter_site":"@ndcpartnership","twitter_misc":{"Est. reading time":"9 minutes"},"schema":{"@context":"https:\/\/schema.org","@graph":[{"@type":"WebPage","@id":"https:\/\/ndcnavigator.org\/es\/explorar-rutas-hacia-ndc-ambiciosas-e-implementables\/alineamiento-con-el-objetivo-global-de-adaptacion-del-acuerdo-de-paris\/ampliar-el-nexo-entre-mitigacion-y-adaptacion\/","url":"https:\/\/ndcnavigator.org\/es\/explorar-rutas-hacia-ndc-ambiciosas-e-implementables\/alineamiento-con-el-objetivo-global-de-adaptacion-del-acuerdo-de-paris\/ampliar-el-nexo-entre-mitigacion-y-adaptacion\/","name":"Ampliar el nexo entre mitigaci\u00f3n y adaptaci\u00f3n - Navegador NDC 3.0","isPartOf":{"@id":"https:\/\/ndcnavigator.org\/es\/#website"},"primaryImageOfPage":{"@id":"https:\/\/ndcnavigator.org\/es\/explorar-rutas-hacia-ndc-ambiciosas-e-implementables\/alineamiento-con-el-objetivo-global-de-adaptacion-del-acuerdo-de-paris\/ampliar-el-nexo-entre-mitigacion-y-adaptacion\/#primaryimage"},"image":{"@id":"https:\/\/ndcnavigator.org\/es\/explorar-rutas-hacia-ndc-ambiciosas-e-implementables\/alineamiento-con-el-objetivo-global-de-adaptacion-del-acuerdo-de-paris\/ampliar-el-nexo-entre-mitigacion-y-adaptacion\/#primaryimage"},"thumbnailUrl":"https:\/\/ndcnavigator.org\/wp-content\/uploads\/2024\/05\/icon-route-1-100x100.png","datePublished":"2024-05-01T14:29:18+00:00","dateModified":"2025-06-20T16:18:21+00:00","breadcrumb":{"@id":"https:\/\/ndcnavigator.org\/es\/explorar-rutas-hacia-ndc-ambiciosas-e-implementables\/alineamiento-con-el-objetivo-global-de-adaptacion-del-acuerdo-de-paris\/ampliar-el-nexo-entre-mitigacion-y-adaptacion\/#breadcrumb"},"inLanguage":"es-ES","potentialAction":[{"@type":"ReadAction","target":["https:\/\/ndcnavigator.org\/es\/explorar-rutas-hacia-ndc-ambiciosas-e-implementables\/alineamiento-con-el-objetivo-global-de-adaptacion-del-acuerdo-de-paris\/ampliar-el-nexo-entre-mitigacion-y-adaptacion\/"]}]},{"@type":"ImageObject","inLanguage":"es-ES","@id":"https:\/\/ndcnavigator.org\/es\/explorar-rutas-hacia-ndc-ambiciosas-e-implementables\/alineamiento-con-el-objetivo-global-de-adaptacion-del-acuerdo-de-paris\/ampliar-el-nexo-entre-mitigacion-y-adaptacion\/#primaryimage","url":"https:\/\/ndcnavigator.org\/wp-content\/uploads\/2024\/05\/icon-route-1-100x100.png","contentUrl":"https:\/\/ndcnavigator.org\/wp-content\/uploads\/2024\/05\/icon-route-1-100x100.png"},{"@type":"BreadcrumbList","@id":"https:\/\/ndcnavigator.org\/es\/explorar-rutas-hacia-ndc-ambiciosas-e-implementables\/alineamiento-con-el-objetivo-global-de-adaptacion-del-acuerdo-de-paris\/ampliar-el-nexo-entre-mitigacion-y-adaptacion\/#breadcrumb","itemListElement":[{"@type":"ListItem","position":1,"name":"Inicio","item":"https:\/\/ndcnavigator.org\/es\/"},{"@type":"ListItem","position":2,"name":"Explorar rutas hacia NDC ambiciosas e implementables","item":"https:\/\/ndcnavigator.org\/es\/explorar-rutas-hacia-ndc-ambiciosas-e-implementables\/"},{"@type":"ListItem","position":3,"name":"Alineamiento con el objetivo global de adaptaci\u00f3n del Acuerdo de Par\u00eds","item":"https:\/\/ndcnavigator.org\/es\/explorar-rutas-hacia-ndc-ambiciosas-e-implementables\/alineamiento-con-el-objetivo-global-de-adaptacion-del-acuerdo-de-paris\/"},{"@type":"ListItem","position":4,"name":"Ampliar el nexo entre mitigaci\u00f3n y adaptaci\u00f3n"}]},{"@type":"WebSite","@id":"https:\/\/ndcnavigator.org\/es\/#website","url":"https:\/\/ndcnavigator.org\/es\/","name":"NDC 3.0 Navigator","description":"","publisher":{"@id":"https:\/\/ndcnavigator.org\/es\/#organization"},"potentialAction":[{"@type":"SearchAction","target":{"@type":"EntryPoint","urlTemplate":"https:\/\/ndcnavigator.org\/es\/?s={search_term_string}"},"query-input":{"@type":"PropertyValueSpecification","valueRequired":true,"valueName":"search_term_string"}}],"inLanguage":"es-ES"},{"@type":"Organization","@id":"https:\/\/ndcnavigator.org\/es\/#organization","name":"NDC Partnership","url":"https:\/\/ndcnavigator.org\/es\/","logo":{"@type":"ImageObject","inLanguage":"es-ES","@id":"https:\/\/ndcnavigator.org\/es\/#\/schema\/logo\/image\/","url":"https:\/\/ndcnavigator.org\/wp-content\/uploads\/2024\/05\/logo-ndcp.png","contentUrl":"https:\/\/ndcnavigator.org\/wp-content\/uploads\/2024\/05\/logo-ndcp.png","width":460,"height":260,"caption":"NDC Partnership"},"image":{"@id":"https:\/\/ndcnavigator.org\/es\/#\/schema\/logo\/image\/"},"sameAs":["https:\/\/www.facebook.com\/ndcpartnership\/","https:\/\/x.com\/ndcpartnership","https:\/\/www.linkedin.com\/company\/ndcpartnership\/","https:\/\/www.youtube.com\/channel\/UCI9wdmuD1OsgqipKpTUGSsg","https:\/\/www.instagram.com\/ndcpartnership\/","https:\/\/issuu.com\/ndcpartnership"]}]}},"_links":{"self":[{"href":"https:\/\/ndcnavigator.org\/es\/wp-json\/wp\/v2\/pages\/1645","targetHints":{"allow":["GET"]}}],"collection":[{"href":"https:\/\/ndcnavigator.org\/es\/wp-json\/wp\/v2\/pages"}],"about":[{"href":"https:\/\/ndcnavigator.org\/es\/wp-json\/wp\/v2\/types\/page"}],"author":[{"embeddable":true,"href":"https:\/\/ndcnavigator.org\/es\/wp-json\/wp\/v2\/users\/1"}],"replies":[{"embeddable":true,"href":"https:\/\/ndcnavigator.org\/es\/wp-json\/wp\/v2\/comments?post=1645"}],"version-history":[{"count":3,"href":"https:\/\/ndcnavigator.org\/es\/wp-json\/wp\/v2\/pages\/1645\/revisions"}],"predecessor-version":[{"id":2388,"href":"https:\/\/ndcnavigator.org\/es\/wp-json\/wp\/v2\/pages\/1645\/revisions\/2388"}],"up":[{"embeddable":true,"href":"https:\/\/ndcnavigator.org\/es\/wp-json\/wp\/v2\/pages\/1651"}],"wp:attachment":[{"href":"https:\/\/ndcnavigator.org\/es\/wp-json\/wp\/v2\/media?parent=1645"}],"curies":[{"name":"wp","href":"https:\/\/api.w.org\/{rel}","templated":true}]}}